{"id":18059,"date":"2024-06-05T12:19:09","date_gmt":"2024-06-05T12:19:09","guid":{"rendered":"https:\/\/beta.itourriviera.it\/qui-nous-sommes\/"},"modified":"2026-08-17T12:21:15","modified_gmt":"2026-08-17T12:21:15","slug":"qui-nous-sommes","status":"publish","type":"page","link":"https:\/\/itourriviera.it\/fr\/qui-nous-sommes\/","title":{"rendered":"Qui nous sommes | iTour Riviera"},"content":{"rendered":"<p>[et_pb_section fb_built=\u00a0\u00bb1&Prime; theme_builder_area=\u00a0\u00bbpost_content\u00a0\u00bb _builder_version=\u00a0\u00bb4.25.1&Prime; _module_preset=\u00a0\u00bbdefault\u00a0\u00bb][et_pb_row _builder_version=\u00a0\u00bb4.25.1&Prime; _module_preset=\u00a0\u00bbdefault\u00a0\u00bb theme_builder_area=\u00a0\u00bbpost_content\u00a0\u00bb][et_pb_column _builder_version=\u00a0\u00bb4.25.1&Prime; _module_preset=\u00a0\u00bbdefault\u00a0\u00bb type=\u00a0\u00bb4_4&Prime; theme_builder_area=\u00a0\u00bbpost_content\u00a0\u00bb][et_pb_text _builder_version=\u00a0\u00bb4.25.1&Prime; _module_preset=\u00a0\u00bbdefault\u00a0\u00bb theme_builder_area=\u00a0\u00bbpost_content\u00a0\u00bb hover_enabled=\u00a0\u00bb0&Prime; sticky_enabled=\u00a0\u00bb0&Prime;]<\/p>\n<h2>Notre soci\u00e9t\u00e9 de gestion de destinations op\u00e8re depuis 2001 dans le secteur r\u00e9ceptif en Italie, dans le sud de la France et dans la Principaut\u00e9 de Monaco.\u00a0<\/h2>\n<h2>Nous sommes \u00e0 votre disposition pour g\u00e9rer l&rsquo;ensemble des services li\u00e9s \u00e0 l&rsquo;organisation de voyages individuels et de groupes, de r\u00e9unions et congr\u00e8s d&rsquo;entreprises et d&rsquo;\u00e9v\u00e9nements sportifs et de mariages.<\/h2>\n<p>[\/et_pb_text][\/et_pb_column][\/et_pb_row][et_pb_row _builder_version=\u00a0\u00bb4.25.1&Prime; _module_preset=\u00a0\u00bbdefault\u00a0\u00bb column_structure=\u00a0\u00bb1_2,1_2&Prime; theme_builder_area=\u00a0\u00bbpost_content\u00a0\u00bb][et_pb_column _builder_version=\u00a0\u00bb4.25.1&Prime; _module_preset=\u00a0\u00bbdefault\u00a0\u00bb type=\u00a0\u00bb1_2&Prime; theme_builder_area=\u00a0\u00bbpost_content\u00a0\u00bb][et_pb_text _builder_version=\u00a0\u00bb4.25.1&Prime; _module_preset=\u00a0\u00bbdefault\u00a0\u00bb theme_builder_area=\u00a0\u00bbpost_content\u00a0\u00bb hover_enabled=\u00a0\u00bb0&Prime; sticky_enabled=\u00a0\u00bb0&Prime;]<\/p>\n<p><strong>Nous sommes sp\u00e9cialis\u00e9s dans les rivieras italiennes et fran\u00e7aises, dont nous connaissons tous les secrets !<\/strong><\/p>\n<p>Il existe de nombreuses raisons d&rsquo;organiser un voyage en Ligurie et sur la C\u00f4te d&rsquo;Azur : la douceur du climat, les jardins botaniques et les fleurs de la Riviera, les tr\u00e9sors \u0153nogastronomiques et les parfums de l&rsquo;arri\u00e8re-pays, la mondanit\u00e9 des stations baln\u00e9aires les plus c\u00e9l\u00e8bres, ainsi qu&rsquo;une gamme de services de premier ordre : h\u00f4tels, restaurants, mus\u00e9es, caves \u00e0 vin et moulins \u00e0 huile.<\/p>\n<p><strong>Notre point fort est de ne proposer que le territoire o\u00f9 nous vivons. La valeur ajout\u00e9e de notre service est notre exp\u00e9rience de plusieurs d\u00e9cennies dans l&rsquo;accueil des touristes du monde entier sur notre territoire.<\/strong><\/p>\n<p>[\/et_pb_text][\/et_pb_column][et_pb_column _builder_version=\u00a0\u00bb4.25.1&Prime; _module_preset=\u00a0\u00bbdefault\u00a0\u00bb type=\u00a0\u00bb1_2&Prime; theme_builder_area=\u00a0\u00bbpost_content\u00a0\u00bb][et_pb_blurb _builder_version=\u00a0\u00bb4.25.1&Prime; _module_preset=\u00a0\u00bbdefault\u00a0\u00bb theme_builder_area=\u00a0\u00bbpost_content\u00a0\u00bb title=\u00a0\u00bbDES VOYAGES ORGANIS\u00c9S SUR MESURE POUR LES PARTICULIERS ET LES GROUPES\u00a0\u00bb use_icon=\u00a0\u00bbon\u00a0\u00bb font_icon=\u00a0\u00bb&#xf101;||fa||900&Prime; hover_enabled=\u00a0\u00bb0&Prime; sticky_enabled=\u00a0\u00bb0&Prime; icon_placement=\u00a0\u00bbleft\u00a0\u00bb image_icon_width=\u00a0\u00bb40px\u00a0\u00bb][\/et_pb_blurb][et_pb_blurb _builder_version=\u00a0\u00bb4.25.1&Prime; _module_preset=\u00a0\u00bbdefault\u00a0\u00bb theme_builder_area=\u00a0\u00bbpost_content\u00a0\u00bb title=\u00a0\u00bbDES VOYAGES EXP\u00c9RIENTIELS ET DE LUXE POUR LE VOYAGEUR INDIVIDUEL\u00a0\u00bb use_icon=\u00a0\u00bbon\u00a0\u00bb font_icon=\u00a0\u00bb&#xf101;||fa||900&Prime; hover_enabled=\u00a0\u00bb0&Prime; sticky_enabled=\u00a0\u00bb0&Prime; icon_placement=\u00a0\u00bbleft\u00a0\u00bb image_icon_width=\u00a0\u00bb40px\u00a0\u00bb][\/et_pb_blurb][et_pb_blurb _builder_version=\u00a0\u00bb4.25.1&Prime; _module_preset=\u00a0\u00bbdefault\u00a0\u00bb theme_builder_area=\u00a0\u00bbpost_content\u00a0\u00bb title=\u00a0\u00bbORGANISATION DE R\u00c9UNIONS ET DE CONGR\u00c8S D&apos;ENTREPRISE, D&apos;INCENTIVES ET DE TEAM BULDINGS\u00a0\u00bb use_icon=\u00a0\u00bbon\u00a0\u00bb font_icon=\u00a0\u00bb&#xf101;||fa||900&Prime; hover_enabled=\u00a0\u00bb0&Prime; sticky_enabled=\u00a0\u00bb0&Prime; icon_placement=\u00a0\u00bbleft\u00a0\u00bb image_icon_width=\u00a0\u00bb40px\u00a0\u00bb][\/et_pb_blurb][et_pb_blurb _builder_version=\u00a0\u00bb4.25.1&Prime; _module_preset=\u00a0\u00bbdefault\u00a0\u00bb theme_builder_area=\u00a0\u00bbpost_content\u00a0\u00bb title=\u00a0\u00bbORGANISATEUR DE MARIAGES ET D&apos;\u00c9V\u00c9NEMENTS\u00a0\u00bb use_icon=\u00a0\u00bbon\u00a0\u00bb font_icon=\u00a0\u00bb&#xf101;||fa||900&Prime; hover_enabled=\u00a0\u00bb0&Prime; sticky_enabled=\u00a0\u00bb0&Prime; icon_placement=\u00a0\u00bbleft\u00a0\u00bb image_icon_width=\u00a0\u00bb40px\u00a0\u00bb][\/et_pb_blurb][et_pb_blurb _builder_version=\u00a0\u00bb4.25.1&Prime; _module_preset=\u00a0\u00bbdefault\u00a0\u00bb theme_builder_area=\u00a0\u00bbpost_content\u00a0\u00bb title=\u00a0\u00bbL&apos;ORGANISATION D&apos;\u00c9V\u00c9NEMENTS SPORTIFS\u00a0\u00bb use_icon=\u00a0\u00bbon\u00a0\u00bb font_icon=\u00a0\u00bb&#xf101;||fa||900&Prime; hover_enabled=\u00a0\u00bb0&Prime; sticky_enabled=\u00a0\u00bb0&Prime; icon_placement=\u00a0\u00bbleft\u00a0\u00bb image_icon_width=\u00a0\u00bb40px\u00a0\u00bb][\/et_pb_blurb][\/et_pb_column][\/et_pb_row][et_pb_row _builder_version=\u00a0\u00bb4.25.1&Prime; _module_preset=\u00a0\u00bbdefault\u00a0\u00bb theme_builder_area=\u00a0\u00bbpost_content\u00a0\u00bb][et_pb_column _builder_version=\u00a0\u00bb4.25.1&Prime; _module_preset=\u00a0\u00bbdefault\u00a0\u00bb type=\u00a0\u00bb4_4&Prime; theme_builder_area=\u00a0\u00bbpost_content\u00a0\u00bb][\/et_pb_column][\/et_pb_row][et_pb_row _builder_version=\u00a0\u00bb4.25.1&Prime; _module_preset=\u00a0\u00bbdefault\u00a0\u00bb theme_builder_area=\u00a0\u00bbpost_content\u00a0\u00bb][et_pb_column _builder_version=\u00a0\u00bb4.25.1&Prime; _module_preset=\u00a0\u00bbdefault\u00a0\u00bb type=\u00a0\u00bb4_4&Prime; theme_builder_area=\u00a0\u00bbpost_content\u00a0\u00bb][et_pb_text _builder_version=\u00a0\u00bb4.25.1&Prime; _module_preset=\u00a0\u00bbdefault\u00a0\u00bb theme_builder_area=\u00a0\u00bbpost_content\u00a0\u00bb hover_enabled=\u00a0\u00bb0&Prime; sticky_enabled=\u00a0\u00bb0&Prime;]<\/p>\n<h2>Notre sp\u00e9cialisation n&rsquo;est pas un segment de march\u00e9 sp\u00e9cifique, mais une destination allant de la Ligurie au Pi\u00e9mont, de Monaco et de la C\u00f4te d&rsquo;Azur \u00e0 la Provence.<\/h2>\n<p>[\/et_pb_text][\/et_pb_column][\/et_pb_row][et_pb_row _builder_version=\u00a0\u00bb4.25.1&Prime; _module_preset=\u00a0\u00bbdefault\u00a0\u00bb column_structure=\u00a0\u00bb1_5,1_5,1_5,1_5,1_5&Prime; theme_builder_area=\u00a0\u00bbpost_content\u00a0\u00bb][et_pb_column _builder_version=\u00a0\u00bb4.25.1&Prime; _module_preset=\u00a0\u00bbdefault\u00a0\u00bb type=\u00a0\u00bb1_5&Prime; theme_builder_area=\u00a0\u00bbpost_content\u00a0\u00bb][et_pb_blurb _builder_version=\u00a0\u00bb4.25.1&Prime; _module_preset=\u00a0\u00bbdefault\u00a0\u00bb theme_builder_area=\u00a0\u00bbpost_content\u00a0\u00bb hover_enabled=\u00a0\u00bb0&Prime; sticky_enabled=\u00a0\u00bb0&Prime; title=\u00a0\u00bbLIGURIE\u00a0\u00bb use_icon=\u00a0\u00bbon\u00a0\u00bb font_icon=\u00a0\u00bb&#xf3c5;||fa||900&Prime; image_icon_width=\u00a0\u00bb40px\u00a0\u00bb text_orientation=\u00a0\u00bbcenter\u00a0\u00bb][\/et_pb_blurb][\/et_pb_column][et_pb_column _builder_version=\u00a0\u00bb4.25.1&Prime; _module_preset=\u00a0\u00bbdefault\u00a0\u00bb type=\u00a0\u00bb1_5&Prime; theme_builder_area=\u00a0\u00bbpost_content\u00a0\u00bb][et_pb_blurb _builder_version=\u00a0\u00bb4.25.1&Prime; _module_preset=\u00a0\u00bbdefault\u00a0\u00bb theme_builder_area=\u00a0\u00bbpost_content\u00a0\u00bb hover_enabled=\u00a0\u00bb0&Prime; sticky_enabled=\u00a0\u00bb0&Prime; title=\u00a0\u00bbPIEDMONT\u00a0\u00bb use_icon=\u00a0\u00bbon\u00a0\u00bb font_icon=\u00a0\u00bb&#xf3c5;||fa||900&Prime; image_icon_width=\u00a0\u00bb40px\u00a0\u00bb text_orientation=\u00a0\u00bbcenter\u00a0\u00bb][\/et_pb_blurb][\/et_pb_column][et_pb_column _builder_version=\u00a0\u00bb4.25.1&Prime; _module_preset=\u00a0\u00bbdefault\u00a0\u00bb type=\u00a0\u00bb1_5&Prime; theme_builder_area=\u00a0\u00bbpost_content\u00a0\u00bb][et_pb_blurb _builder_version=\u00a0\u00bb4.25.1&Prime; _module_preset=\u00a0\u00bbdefault\u00a0\u00bb theme_builder_area=\u00a0\u00bbpost_content\u00a0\u00bb hover_enabled=\u00a0\u00bb0&Prime; sticky_enabled=\u00a0\u00bb0&Prime; title=\u00a0\u00bbPRINCIPAUT\u00c9 DE MONACO\u00a0\u00bb use_icon=\u00a0\u00bbon\u00a0\u00bb font_icon=\u00a0\u00bb&#xf3c5;||fa||900&Prime; image_icon_width=\u00a0\u00bb40px\u00a0\u00bb text_orientation=\u00a0\u00bbcenter\u00a0\u00bb][\/et_pb_blurb][\/et_pb_column][et_pb_column _builder_version=\u00a0\u00bb4.25.1&Prime; _module_preset=\u00a0\u00bbdefault\u00a0\u00bb type=\u00a0\u00bb1_5&Prime; theme_builder_area=\u00a0\u00bbpost_content\u00a0\u00bb][et_pb_blurb _builder_version=\u00a0\u00bb4.25.1&Prime; _module_preset=\u00a0\u00bbdefault\u00a0\u00bb theme_builder_area=\u00a0\u00bbpost_content\u00a0\u00bb hover_enabled=\u00a0\u00bb0&Prime; sticky_enabled=\u00a0\u00bb0&Prime; title=\u00a0\u00bbCOTE D&apos;AZUR\u00a0\u00bb use_icon=\u00a0\u00bbon\u00a0\u00bb font_icon=\u00a0\u00bb&#xf3c5;||fa||900&Prime; image_icon_width=\u00a0\u00bb40px\u00a0\u00bb text_orientation=\u00a0\u00bbcenter\u00a0\u00bb][\/et_pb_blurb][\/et_pb_column][et_pb_column _builder_version=\u00a0\u00bb4.25.1&Prime; _module_preset=\u00a0\u00bbdefault\u00a0\u00bb type=\u00a0\u00bb1_5&Prime; theme_builder_area=\u00a0\u00bbpost_content\u00a0\u00bb][et_pb_blurb _builder_version=\u00a0\u00bb4.25.1&Prime; _module_preset=\u00a0\u00bbdefault\u00a0\u00bb theme_builder_area=\u00a0\u00bbpost_content\u00a0\u00bb hover_enabled=\u00a0\u00bb0&Prime; sticky_enabled=\u00a0\u00bb0&Prime; title=\u00a0\u00bbPROVENCE\u00a0\u00bb use_icon=\u00a0\u00bbon\u00a0\u00bb font_icon=\u00a0\u00bb&#xf3c5;||fa||900&Prime; image_icon_width=\u00a0\u00bb40px\u00a0\u00bb text_orientation=\u00a0\u00bbcenter\u00a0\u00bb][\/et_pb_blurb][\/et_pb_column][\/et_pb_row][\/et_pb_section]<\/p>\n","protected":false},"excerpt":{"rendered":"<p>Notre soci\u00e9t\u00e9 de gestion de destinations op\u00e8re depuis 2001 dans le secteur r\u00e9ceptif en Italie, dans le sud de la France et dans la Principaut\u00e9 de Monaco. <\/p>\n","protected":false},"author":24,"featured_media":18039,"parent":0,"menu_order":0,"comment_status":"closed","ping_status":"closed","template":"","meta":{"_et_pb_use_builder":"on","_et_pb_old_content":"","_et_gb_content_width":"","footnotes":""},"class_list":["post-18059","page","type-page","status-publish","has-post-thumbnail","hentry"],"yoast_head":"<!-- This site is optimized with the Yoast SEO plugin v28.3 - https:\/\/yoast.com\/product\/yoast-seo-wordpress\/ -->\n<title>Qui nous sommes | iTour Riviera<\/title>\n<meta name=\"description\" content=\"iTour Riviera est une Destination Management Company active depuis 2001 en Italie, sur la C\u00f4te d\u2019Azur et \u00e0 Monaco.\" \/>\n<meta name=\"robots\" content=\"index, follow, max-snippet:-1, max-image-preview:large, max-video-preview:-1\" \/>\n<link rel=\"canonical\" href=\"https:\/\/itourriviera.it\/fr\/qui-nous-sommes\/\" \/>\n<meta property=\"og:locale\" content=\"fr_FR\" \/>\n<meta property=\"og:type\" content=\"article\" \/>\n<meta property=\"og:title\" content=\"Qui nous sommes | iTour Riviera\" \/>\n<meta property=\"og:description\" content=\"iTour Riviera est une Destination Management Company active depuis 2001 en Italie, sur la C\u00f4te d\u2019Azur et \u00e0 Monaco.\" \/>\n<meta property=\"og:url\" content=\"https:\/\/itourriviera.it\/fr\/qui-nous-sommes\/\" \/>\n<meta property=\"og:site_name\" content=\"iTour RIVIERA D.M.C.\" \/>\n<meta property=\"article:modified_time\" content=\"2026-08-17T12:21:15+00:00\" \/>\n<meta property=\"og:image\" content=\"https:\/\/itourriviera.it\/wp-content\/uploads\/2024\/06\/chi-siamo.jpg\" \/>\n\t<meta property=\"og:image:width\" content=\"1920\" \/>\n\t<meta property=\"og:image:height\" content=\"1080\" \/>\n\t<meta property=\"og:image:type\" content=\"image\/jpeg\" \/>\n<meta name=\"twitter:card\" content=\"summary_large_image\" \/>\n<meta name=\"twitter:label1\" content=\"Dur\u00e9e de lecture estim\u00e9e\" \/>\n\t<meta name=\"twitter:data1\" content=\"5 minutes\" \/>\n<script type=\"application\/ld+json\" class=\"yoast-schema-graph\">{\"@context\":\"https:\\\/\\\/schema.org\",\"@graph\":[{\"@type\":\"WebPage\",\"@id\":\"https:\\\/\\\/itourriviera.it\\\/fr\\\/qui-nous-sommes\\\/\",\"url\":\"https:\\\/\\\/itourriviera.it\\\/fr\\\/qui-nous-sommes\\\/\",\"name\":\"Qui nous sommes | iTour Riviera\",\"isPartOf\":{\"@id\":\"https:\\\/\\\/itourriviera.it\\\/fr\\\/#website\"},\"primaryImageOfPage\":{\"@id\":\"https:\\\/\\\/itourriviera.it\\\/fr\\\/qui-nous-sommes\\\/#primaryimage\"},\"image\":{\"@id\":\"https:\\\/\\\/itourriviera.it\\\/fr\\\/qui-nous-sommes\\\/#primaryimage\"},\"thumbnailUrl\":\"https:\\\/\\\/itourriviera.it\\\/wp-content\\\/uploads\\\/2024\\\/06\\\/chi-siamo.jpg\",\"datePublished\":\"2024-06-05T12:19:09+00:00\",\"dateModified\":\"2026-08-17T12:21:15+00:00\",\"description\":\"iTour Riviera est une Destination Management Company active depuis 2001 en Italie, sur la C\u00f4te d\u2019Azur et \u00e0 Monaco.\",\"breadcrumb\":{\"@id\":\"https:\\\/\\\/itourriviera.it\\\/fr\\\/qui-nous-sommes\\\/#breadcrumb\"},\"inLanguage\":\"fr-FR\",\"potentialAction\":[{\"@type\":\"ReadAction\",\"target\":[\"https:\\\/\\\/itourriviera.it\\\/fr\\\/qui-nous-sommes\\\/\"]}]},{\"@type\":\"ImageObject\",\"inLanguage\":\"fr-FR\",\"@id\":\"https:\\\/\\\/itourriviera.it\\\/fr\\\/qui-nous-sommes\\\/#primaryimage\",\"url\":\"https:\\\/\\\/itourriviera.it\\\/wp-content\\\/uploads\\\/2024\\\/06\\\/chi-siamo.jpg\",\"contentUrl\":\"https:\\\/\\\/itourriviera.it\\\/wp-content\\\/uploads\\\/2024\\\/06\\\/chi-siamo.jpg\",\"width\":1920,\"height\":1080,\"caption\":\"Chi siamo\"},{\"@type\":\"BreadcrumbList\",\"@id\":\"https:\\\/\\\/itourriviera.it\\\/fr\\\/qui-nous-sommes\\\/#breadcrumb\",\"itemListElement\":[{\"@type\":\"ListItem\",\"position\":1,\"name\":\"Home\",\"item\":\"https:\\\/\\\/itourriviera.it\\\/fr\\\/itour\\\/\"},{\"@type\":\"ListItem\",\"position\":2,\"name\":\"Qui nous sommes | iTour Riviera\"}]},{\"@type\":\"WebSite\",\"@id\":\"https:\\\/\\\/itourriviera.it\\\/fr\\\/#website\",\"url\":\"https:\\\/\\\/itourriviera.it\\\/fr\\\/\",\"name\":\"iTour RIVIERA D.M.C.\",\"description\":\"EXPERIENCES ON ITALIAN AND FRENCH RIVIERA\",\"publisher\":{\"@id\":\"https:\\\/\\\/itourriviera.it\\\/fr\\\/#organization\"},\"potentialAction\":[{\"@type\":\"SearchAction\",\"target\":{\"@type\":\"EntryPoint\",\"urlTemplate\":\"https:\\\/\\\/itourriviera.it\\\/fr\\\/?s={search_term_string}\"},\"query-input\":{\"@type\":\"PropertyValueSpecification\",\"valueRequired\":true,\"valueName\":\"search_term_string\"}}],\"inLanguage\":\"fr-FR\"},{\"@type\":\"Organization\",\"@id\":\"https:\\\/\\\/itourriviera.it\\\/fr\\\/#organization\",\"name\":\"iTour RIVIERA D.M.C.\",\"url\":\"https:\\\/\\\/itourriviera.it\\\/fr\\\/\",\"logo\":{\"@type\":\"ImageObject\",\"inLanguage\":\"fr-FR\",\"@id\":\"https:\\\/\\\/itourriviera.it\\\/fr\\\/#\\\/schema\\\/logo\\\/image\\\/\",\"url\":\"https:\\\/\\\/itourriviera.it\\\/wp-content\\\/uploads\\\/2024\\\/12\\\/itourriviera-logo.png\",\"contentUrl\":\"https:\\\/\\\/itourriviera.it\\\/wp-content\\\/uploads\\\/2024\\\/12\\\/itourriviera-logo.png\",\"width\":817,\"height\":80,\"caption\":\"iTour RIVIERA D.M.C.\"},\"image\":{\"@id\":\"https:\\\/\\\/itourriviera.it\\\/fr\\\/#\\\/schema\\\/logo\\\/image\\\/\"}}]}<\/script>\n<!-- \/ Yoast SEO plugin. -->","yoast_head_json":{"title":"Qui nous sommes | iTour Riviera","description":"iTour Riviera est une Destination Management Company active depuis 2001 en Italie, sur la C\u00f4te d\u2019Azur et \u00e0 Monaco.","robots":{"index":"index","follow":"follow","max-snippet":"max-snippet:-1","max-image-preview":"max-image-preview:large","max-video-preview":"max-video-preview:-1"},"canonical":"https:\/\/itourriviera.it\/fr\/qui-nous-sommes\/","og_locale":"fr_FR","og_type":"article","og_title":"Qui nous sommes | iTour Riviera","og_description":"iTour Riviera est une Destination Management Company active depuis 2001 en Italie, sur la C\u00f4te d\u2019Azur et \u00e0 Monaco.","og_url":"https:\/\/itourriviera.it\/fr\/qui-nous-sommes\/","og_site_name":"iTour RIVIERA D.M.C.","article_modified_time":"2026-08-17T12:21:15+00:00","og_image":[{"width":1920,"height":1080,"url":"https:\/\/itourriviera.it\/wp-content\/uploads\/2024\/06\/chi-siamo.jpg","type":"image\/jpeg"}],"twitter_card":"summary_large_image","twitter_misc":{"Dur\u00e9e de lecture estim\u00e9e":"5 minutes"},"schema":{"@context":"https:\/\/schema.org","@graph":[{"@type":"WebPage","@id":"https:\/\/itourriviera.it\/fr\/qui-nous-sommes\/","url":"https:\/\/itourriviera.it\/fr\/qui-nous-sommes\/","name":"Qui nous sommes | iTour Riviera","isPartOf":{"@id":"https:\/\/itourriviera.it\/fr\/#website"},"primaryImageOfPage":{"@id":"https:\/\/itourriviera.it\/fr\/qui-nous-sommes\/#primaryimage"},"image":{"@id":"https:\/\/itourriviera.it\/fr\/qui-nous-sommes\/#primaryimage"},"thumbnailUrl":"https:\/\/itourriviera.it\/wp-content\/uploads\/2024\/06\/chi-siamo.jpg","datePublished":"2024-06-05T12:19:09+00:00","dateModified":"2026-08-17T12:21:15+00:00","description":"iTour Riviera est une Destination Management Company active depuis 2001 en Italie, sur la C\u00f4te d\u2019Azur et \u00e0 Monaco.","breadcrumb":{"@id":"https:\/\/itourriviera.it\/fr\/qui-nous-sommes\/#breadcrumb"},"inLanguage":"fr-FR","potentialAction":[{"@type":"ReadAction","target":["https:\/\/itourriviera.it\/fr\/qui-nous-sommes\/"]}]},{"@type":"ImageObject","inLanguage":"fr-FR","@id":"https:\/\/itourriviera.it\/fr\/qui-nous-sommes\/#primaryimage","url":"https:\/\/itourriviera.it\/wp-content\/uploads\/2024\/06\/chi-siamo.jpg","contentUrl":"https:\/\/itourriviera.it\/wp-content\/uploads\/2024\/06\/chi-siamo.jpg","width":1920,"height":1080,"caption":"Chi siamo"},{"@type":"BreadcrumbList","@id":"https:\/\/itourriviera.it\/fr\/qui-nous-sommes\/#breadcrumb","itemListElement":[{"@type":"ListItem","position":1,"name":"Home","item":"https:\/\/itourriviera.it\/fr\/itour\/"},{"@type":"ListItem","position":2,"name":"Qui nous sommes | iTour Riviera"}]},{"@type":"WebSite","@id":"https:\/\/itourriviera.it\/fr\/#website","url":"https:\/\/itourriviera.it\/fr\/","name":"iTour RIVIERA D.M.C.","description":"EXPERIENCES ON ITALIAN AND FRENCH RIVIERA","publisher":{"@id":"https:\/\/itourriviera.it\/fr\/#organization"},"potentialAction":[{"@type":"SearchAction","target":{"@type":"EntryPoint","urlTemplate":"https:\/\/itourriviera.it\/fr\/?s={search_term_string}"},"query-input":{"@type":"PropertyValueSpecification","valueRequired":true,"valueName":"search_term_string"}}],"inLanguage":"fr-FR"},{"@type":"Organization","@id":"https:\/\/itourriviera.it\/fr\/#organization","name":"iTour RIVIERA D.M.C.","url":"https:\/\/itourriviera.it\/fr\/","logo":{"@type":"ImageObject","inLanguage":"fr-FR","@id":"https:\/\/itourriviera.it\/fr\/#\/schema\/logo\/image\/","url":"https:\/\/itourriviera.it\/wp-content\/uploads\/2024\/12\/itourriviera-logo.png","contentUrl":"https:\/\/itourriviera.it\/wp-content\/uploads\/2024\/12\/itourriviera-logo.png","width":817,"height":80,"caption":"iTour RIVIERA D.M.C."},"image":{"@id":"https:\/\/itourriviera.it\/fr\/#\/schema\/logo\/image\/"}}]}},"_links":{"self":[{"href":"https:\/\/itourriviera.it\/fr\/wp-json\/wp\/v2\/pages\/18059","targetHints":{"allow":["GET"]}}],"collection":[{"href":"https:\/\/itourriviera.it\/fr\/wp-json\/wp\/v2\/pages"}],"about":[{"href":"https:\/\/itourriviera.it\/fr\/wp-json\/wp\/v2\/types\/page"}],"author":[{"embeddable":true,"href":"https:\/\/itourriviera.it\/fr\/wp-json\/wp\/v2\/users\/24"}],"replies":[{"embeddable":true,"href":"https:\/\/itourriviera.it\/fr\/wp-json\/wp\/v2\/comments?post=18059"}],"version-history":[{"count":4,"href":"https:\/\/itourriviera.it\/fr\/wp-json\/wp\/v2\/pages\/18059\/revisions"}],"predecessor-version":[{"id":18351,"href":"https:\/\/itourriviera.it\/fr\/wp-json\/wp\/v2\/pages\/18059\/revisions\/18351"}],"wp:featuredmedia":[{"embeddable":true,"href":"https:\/\/itourriviera.it\/fr\/wp-json\/wp\/v2\/media\/18039"}],"wp:attachment":[{"href":"https:\/\/itourriviera.it\/fr\/wp-json\/wp\/v2\/media?parent=18059"}],"curies":[{"name":"wp","href":"https:\/\/api.w.org\/{rel}","templated":true}]}}