{"id":17970,"date":"2024-05-28T10:02:36","date_gmt":"2024-05-28T10:02:36","guid":{"rendered":"https:\/\/beta.itourriviera.it\/itour\/"},"modified":"2026-08-31T15:53:26","modified_gmt":"2026-08-31T15:53:26","slug":"itour","status":"publish","type":"page","link":"https:\/\/itourriviera.it\/fr\/","title":{"rendered":"Itour"},"content":{"rendered":"<p>[et_pb_section fb_built=\u00a0\u00bb1&Prime; _builder_version=\u00a0\u00bb4.27.7&Prime; custom_padding=\u00a0\u00bb0px||0px||true|false\u00a0\u00bb][et_pb_row column_structure=\u00a0\u00bb4_4&Prime; _builder_version=\u00a0\u00bb4.27.7&Prime; width=\u00a0\u00bb100%\u00a0\u00bb max_width=\u00a0\u00bb100%\u00a0\u00bb custom_padding=\u00a0\u00bb0px||0px||true|false\u00a0\u00bb][et_pb_column type=\u00a0\u00bb4_4&Prime; _builder_version=\u00a0\u00bb4.27.7&Prime;][et_pb_code _builder_version=\u00a0\u00bb4.27.7&Prime;]<section id=\"egoslider\" class=\"splide\" aria-label=\"In evidenza\">\n\t<div class=\"splide__track\">\n\t\t<ul class=\"splide__list\">\n\t\t\t\t\t\t<li class=\"splide__slide\">\n\t\t\t\t<div class=\"egoslider\">\n\t\t\t\t\t<div class=\"egoslider-onda\"><\/div>\n\t\t\t\t\t<div class=\"immagine\" style=\"background-image: url('https:\/\/itourriviera.it\/wp-content\/uploads\/2023\/09\/marian-baciu-NbxPunaCSko-unsplash-1024x681.jpg'); background-repeat: no-repeat; background-size: cover;\">\n\t\t\t\t\t\t<div class=\"contenuto-slider\">\n\t\t\t\t\t\t\t<div class=\"titolo-slider\"><h3>Oenogastronomie en C\u00f4te d\u2019Azur<\/h3><\/div>\n\t\t\t\t\t\t\t<div class=\"riassunto-slider\">\n\t\t\t\t\t\t\t\t<p>Notre agence vous invite \u00e0 d\u00e9guster les meilleurs produits typiques de la C\u00f4te d&rsquo;Azur lors de l&rsquo;excursion gastronomique et vinicole pour groupes qui suit.<\/p>\n\t\t\t\t\t\t\t\t<div class=\"egoscopri\"><a href=\"https:\/\/itourriviera.it\/fr\/oenogastronomie-en-cote-dazur\/\">Scopri di pi\u00f9<\/a><\/div>\n\t\t\t\t\t\t\t<\/div>\n\t\t\t\t\t\t<\/div>\n\t\t\t\t\t<\/div>\n\t\t\t\t<\/div>\n\t\t\t<\/li>\n\t\t\t\t\t\t<li class=\"splide__slide\">\n\t\t\t\t<div class=\"egoslider\">\n\t\t\t\t\t<div class=\"egoslider-onda\"><\/div>\n\t\t\t\t\t<div class=\"immagine\" style=\"background-image: url('https:\/\/itourriviera.it\/wp-content\/uploads\/2023\/09\/anders-jilden-cYrMQA7a3Wc-unsplash-1024x683.jpg'); background-repeat: no-repeat; background-size: cover;\">\n\t\t\t\t\t\t<div class=\"contenuto-slider\">\n\t\t\t\t\t\t\t<div class=\"titolo-slider\"><h3>Tour G\u00eanes et Portofino<\/h3><\/div>\n\t\t\t\t\t\t\t<div class=\"riassunto-slider\">\n\t\t\t\t\t\t\t\t<p>Le circuit G\u00eanes et Portofino comprend uneexcursion dans les r\u00e9publiques maritimes pour des voyages de groupe \u00e0 la d\u00e9couverte des plus beaux sites de la Ligurie , tels que l&rsquo;aquarium de G\u00eanes, le mus\u00e9e de la mer Galata et le ch\u00e2teau brun de  Portofino. Comptez sur le forfait vacances suivant organis\u00e9 par notre agence de voyages pour profiter pleinement des excursions sans avoir \u00e0 vous soucier des r\u00e9servations d&rsquo; h\u00f4tels et de restaurants.<\/p>\n\t\t\t\t\t\t\t\t<div class=\"egoscopri\"><a href=\"https:\/\/itourriviera.it\/fr\/tour-genes-et-portofino\/\">Scopri di pi\u00f9<\/a><\/div>\n\t\t\t\t\t\t\t<\/div>\n\t\t\t\t\t\t<\/div>\n\t\t\t\t\t<\/div>\n\t\t\t\t<\/div>\n\t\t\t<\/li>\n\t\t\t\t\t\t<li class=\"splide__slide\">\n\t\t\t\t<div class=\"egoslider\">\n\t\t\t\t\t<div class=\"egoslider-onda\"><\/div>\n\t\t\t\t\t<div class=\"immagine\" style=\"background-image: url('https:\/\/itourriviera.it\/wp-content\/uploads\/2023\/09\/dan-hadar-svoVF7rWpsw-unsplash-1024x683.jpg'); background-repeat: no-repeat; background-size: cover;\">\n\t\t\t\t\t\t<div class=\"contenuto-slider\">\n\t\t\t\t\t\t\t<div class=\"titolo-slider\"><h3>Tour des Villages Liguriens \u00ab Les Drapeaux Orange \u00bb<\/h3><\/div>\n\t\t\t\t\t\t\t<div class=\"riassunto-slider\">\n\t\t\t\t\t\t\t\t<p>Ce forfait de vacances vous permettra de visiter les villages de Ligurie d\u00e9sign\u00e9s par le Touring Club italien comme des pavillons orange.<\/p>\n\t\t\t\t\t\t\t\t<div class=\"egoscopri\"><a href=\"https:\/\/itourriviera.it\/fr\/tour-des-villages-liguriens-les-drapeaux-orange\/\">Scopri di pi\u00f9<\/a><\/div>\n\t\t\t\t\t\t\t<\/div>\n\t\t\t\t\t\t<\/div>\n\t\t\t\t\t<\/div>\n\t\t\t\t<\/div>\n\t\t\t<\/li>\n\t\t\t\t\t\t<li class=\"splide__slide\">\n\t\t\t\t<div class=\"egoslider\">\n\t\t\t\t\t<div class=\"egoslider-onda\"><\/div>\n\t\t\t\t\t<div class=\"immagine\" style=\"background-image: url('https:\/\/itourriviera.it\/wp-content\/uploads\/2023\/09\/sophie-laurent-TAkpcOEByIE-unsplash-1024x768.jpg'); background-repeat: no-repeat; background-size: cover;\">\n\t\t\t\t\t\t<div class=\"contenuto-slider\">\n\t\t\t\t\t\t\t<div class=\"titolo-slider\"><h3>Circuit \u0153nogastronomique Langhe &#038; Riviera<\/h3><\/div>\n\t\t\t\t\t\t\t<div class=\"riassunto-slider\">\n\t\t\t\t\t\t\t\t<p>Cette semaine, vous pourrez d\u00e9guster les sp\u00e9cialit\u00e9s de la cuisine du terroir du Pi\u00e9mont et de la cuisine de la mer de la Ligurie, dans une combinaison de saveurs et de parfums que seule la cuisine italienne peut offrir.<\/p>\n\t\t\t\t\t\t\t\t<div class=\"egoscopri\"><a href=\"https:\/\/itourriviera.it\/fr\/circuit-oenogastronomique-langhe-riviera\/\">Scopri di pi\u00f9<\/a><\/div>\n\t\t\t\t\t\t\t<\/div>\n\t\t\t\t\t\t<\/div>\n\t\t\t\t\t<\/div>\n\t\t\t\t<\/div>\n\t\t\t<\/li>\n\t\t\t\t\t<\/ul>\n\t<\/div>\n<\/section>\n\t[\/et_pb_code][\/et_pb_column][\/et_pb_row][\/et_pb_section][et_pb_section fb_built=\u00a0\u00bb1&Prime; _builder_version=\u00a0\u00bb4.27.7&Prime; custom_padding=\u00a0\u00bb0px||0px||true|false\u00a0\u00bb][et_pb_row column_structure=\u00a0\u00bb4_4&Prime; _builder_version=\u00a0\u00bb4.27.7&Prime; width=\u00a0\u00bb80%\u00a0\u00bb max_width=\u00a0\u00bb80%\u00a0\u00bb custom_padding=\u00a0\u00bb30px||30px||true|false\u00a0\u00bb][et_pb_column type=\u00a0\u00bb4_4&Prime; _builder_version=\u00a0\u00bb4.27.7&Prime;][et_pb_text _builder_version=\u00a0\u00bb4.27.7&Prime;]<\/p>\n<h1>Excursions et exp\u00e9riences entre la Riviera ligure et la C\u00f4te d&rsquo;Azur, le Pi\u00e9mont et la Provence<\/h1>\n<p>Notre agence de voyage vous propose une s\u00e9rie d&rsquo;excursions d&rsquo;une journ\u00e9e en Ligurie et sur la C\u00f4te d&rsquo;Azur qui enrichiront votre s\u00e9jour \u00e0 Sanremo.<\/p>\n<p>[\/et_pb_text][\/et_pb_column][\/et_pb_row][\/et_pb_section][et_pb_section fb_built=\u00a0\u00bb1&Prime; _builder_version=\u00a0\u00bb4.27.7&Prime; custom_padding=\u00a0\u00bb0px||0px||true|false\u00a0\u00bb background_image=\u00a0\u00bbhttps:\/\/itourriviera.it\/wp-content\/themes\/ego_itour\/images\/img-mare-liguria.jpg\u00a0\u00bb background_size=\u00a0\u00bbcover\u00a0\u00bb background_repeat=\u00a0\u00bbno-repeat\u00a0\u00bb module_class=\u00a0\u00bbcartinahome-sez\u00a0\u00bb][et_pb_row column_structure=\u00a0\u00bb1_2,1_2&Prime; _builder_version=\u00a0\u00bb4.27.7&Prime; width=\u00a0\u00bb100%\u00a0\u00bb max_width=\u00a0\u00bb100%\u00a0\u00bb custom_padding=\u00a0\u00bb0px||0px||true|false\u00a0\u00bb][et_pb_column type=\u00a0\u00bb1_2&Prime; _builder_version=\u00a0\u00bb4.27.7&Prime;][et_pb_image src=\u00a0\u00bbhttps:\/\/itourriviera.it\/wp-content\/uploads\/2026\/05\/img-cartina.jpg\u00a0\u00bb _builder_version=\u00a0\u00bb4.27.7&Prime; width=\u00a0\u00bb80%\u00a0\u00bb module_alignment=\u00a0\u00bbright\u00a0\u00bb][\/et_pb_image][\/et_pb_column][et_pb_column type=\u00a0\u00bb1_2&Prime; _builder_version=\u00a0\u00bb4.27.7&Prime;][et_pb_text _builder_version=\u00a0\u00bb4.27.7&Prime; text_text_color=\u00a0\u00bb#ffffff\u00a0\u00bb header_2_text_color=\u00a0\u00bb#ffffff\u00a0\u00bb header_3_text_color=\u00a0\u00bb#ffffff\u00a0\u00bb header_4_text_color=\u00a0\u00bb#ffffff\u00a0\u00bb link_text_color=\u00a0\u00bb#ffffff\u00a0\u00bb header_3_font=\u00a0\u00bb|700|||||||\u00a0\u00bb header_3_font_size=\u00a0\u00bb40px\u00a0\u00bb header_3_line_height=\u00a0\u00bb1em\u00a0\u00bb text_font=\u00a0\u00bb|500|||||||\u00a0\u00bb text_font_size=\u00a0\u00bb20px\u00a0\u00bb text_line_height=\u00a0\u00bb1.5em\u00a0\u00bb text_font_size_tablet=\u00a0\u00bb15px\u00a0\u00bb text_font_size_phone=\u00a0\u00bb15px\u00a0\u00bb text_font_size_last_edited=\u00a0\u00bbon|phone\u00a0\u00bb custom_padding=\u00a0\u00bb70px|70px|70px|70px|true|true\u00a0\u00bb custom_padding_tablet=\u00a0\u00bb20px|20px|20px|20px|true|true\u00a0\u00bb custom_padding_phone=\u00a0\u00bb20px|20px|20px|20px|true|true\u00a0\u00bb custom_padding_last_edited=\u00a0\u00bbon|phone\u00a0\u00bb]<\/p>\n<h3>UN S\u00c9JOUR ENTRE LA RIVIERA LIGURE ET LA COTE D&rsquo;AZUR.<\/h3>\n<p>Notre agence de voyage a donc le plaisir de vous proposer une s\u00e9rie d&rsquo;excursions d&rsquo;une journ\u00e9e, qui vous permettront d&rsquo;appr\u00e9cier les mille aspects qui composent l&rsquo;extraordinaire offre de loisirs et d&rsquo;hospitalit\u00e9 de notre territoire. Les excursions propos\u00e9es peuvent \u00eatre personnalis\u00e9es en fonction de vos besoins : elles peuvent inclure le transport, les entr\u00e9es dans les mus\u00e9es et les attractions, les d\u00e9gustations de vins et de produits locaux, et conviennent aussi bien aux voyageurs individuels qu&rsquo;aux groupes organis\u00e9s. Vous pouvez r\u00e9server des excursions individuelles directement en ligne en utilisant le formulaire publi\u00e9 \u00e0 gauche, mais n&rsquo;h\u00e9sitez pas \u00e0 nous contacter pour toute information compl\u00e9mentaire.<\/p>\n<p>[\/et_pb_text][\/et_pb_column][\/et_pb_row][\/et_pb_section][et_pb_section fb_built=\u00a0\u00bb1&Prime; _builder_version=\u00a0\u00bb4.27.7&Prime; custom_padding=\u00a0\u00bb0px||0px||true|false\u00a0\u00bb][et_pb_row column_structure=\u00a0\u00bb4_4&Prime; _builder_version=\u00a0\u00bb4.27.7&Prime; width=\u00a0\u00bb100%\u00a0\u00bb max_width=\u00a0\u00bb100%\u00a0\u00bb custom_padding=\u00a0\u00bb0px||0px||true|false\u00a0\u00bb][et_pb_column type=\u00a0\u00bb4_4&Prime; _builder_version=\u00a0\u00bb4.27.7&Prime;][et_pb_code _builder_version=\u00a0\u00bb4.27.7&Prime;]<section id=\"logo-carousel\" class=\"splide\" aria-label=\"Exp\u00e9rience en Riviera\">\n\t<div class=\"wrap\">\n\t\t\t\t<h2>Exp\u00e9rience en Riviera<\/h2>\n\t\t\t\t\t\t<div class=\"splide__track\">\n\t\t\t<ul class=\"splide__list\">\n\t\t\t\t\t\t\t\t<li class=\"splide__slide\">\n\t\t\t\t\t<div class=\"immagine\" style=\"background-image: url(''); background-repeat: no-repeat; background-size: cover; min-height: 400px;\">\n\t\t\t\t\t\t<div class=\"titolo\"><h3>Ap\u00e9ritif dans les carrugi de Sanremo: sardenaira et brandacujun<\/h3><\/div>\n\t\t\t\t\t\t<div class=\"riassunto\">\n\t\t\t\t\t\t\t<h3><p>Une halte du soir dans les ruelles de la vieille ville, parmi les plats embl\u00e9matiques de la cuisine sanremasque Quand les lumi\u00e8res s&rsquo;allument dans les ruelles de La Pigna et du centre historique, Sanremo se pr\u00e9pare pour l&rsquo;ap\u00e9ritif. Cette exp\u00e9rience permet de d\u00e9couvrir deux plats embl\u00e9matiques de la table locale: la sardenaira, la focaccia sanremasque [&hellip;]<\/p>\n<\/h3>\n\t\t\t\t\t\t\t<div class=\"egoscopri\"><a href=\"https:\/\/itourriviera.it\/fr\/aperitif-dans-les-carrugi-de-sanremo\/\">Scopri di pi\u00f9<\/a><\/div>\n\t\t\t\t\t\t<\/div>\n\t\t\t\t\t\t<div class=\"trasparenza\"><\/div>\n\t\t\t\t\t<\/div>\n\t\t\t\t<\/li>\n\t\t\t\t\t\t\t\t<li class=\"splide__slide\">\n\t\t\t\t\t<div class=\"immagine\" style=\"background-image: url(''); background-repeat: no-repeat; background-size: cover; min-height: 400px;\">\n\t\t\t\t\t\t<div class=\"titolo\"><h3>Randonn\u00e9e au Monte Bignone au-dessus de Sanremo<\/h3><\/div>\n\t\t\t\t\t\t<div class=\"riassunto\">\n\t\t\t\t\t\t\t<h3><p>For\u00eats, sentiers et panoramas sur la Riviera \u00e0 deux pas de la mer \u00c0 quelques kilom\u00e8tres de la mer, derri\u00e8re Sanremo, s&rsquo;\u00e9l\u00e8ve le Monte Bignone: 1 299 m\u00e8tres qui offrent en \u00e9t\u00e9 un air nettement plus frais que sur la c\u00f4te, et toute l&rsquo;ann\u00e9e un point de vue privil\u00e9gi\u00e9 sur toute la Riviera dei Fiori. [&hellip;]<\/p>\n<\/h3>\n\t\t\t\t\t\t\t<div class=\"egoscopri\"><a href=\"https:\/\/itourriviera.it\/fr\/randonnee-monte-bignone-sanremo\/\">Scopri di pi\u00f9<\/a><\/div>\n\t\t\t\t\t\t<\/div>\n\t\t\t\t\t\t<div class=\"trasparenza\"><\/div>\n\t\t\t\t\t<\/div>\n\t\t\t\t<\/li>\n\t\t\t\t\t\t\t\t<li class=\"splide__slide\">\n\t\t\t\t\t<div class=\"immagine\" style=\"background-image: url(''); background-repeat: no-repeat; background-size: cover; min-height: 400px;\">\n\t\t\t\t\t\t<div class=\"titolo\"><h3>Food tour dans le centre historique de Sanremo<\/h3><\/div>\n\t\t\t\t\t\t<div class=\"riassunto\">\n\t\t\t\t\t\t\t<h3><p>Un parcours de saveurs entre boutiques historiques et recettes transmises de g\u00e9n\u00e9ration en g\u00e9n\u00e9ration Entre les \u00e9tals du march\u00e9 et les vitrines des boutiques historiques, le centre de Sanremo raconte aussi son identit\u00e9 \u00e0 table. Ce food tour traverse les ruelles de la vieille ville pour go\u00fbter, \u00e9tape apr\u00e8s \u00e9tape, les saveurs de la tradition [&hellip;]<\/p>\n<\/h3>\n\t\t\t\t\t\t\t<div class=\"egoscopri\"><a href=\"https:\/\/itourriviera.it\/fr\/tour-gourmand-centre-historique-sanremo\/\">Scopri di pi\u00f9<\/a><\/div>\n\t\t\t\t\t\t<\/div>\n\t\t\t\t\t\t<div class=\"trasparenza\"><\/div>\n\t\t\t\t\t<\/div>\n\t\t\t\t<\/li>\n\t\t\t\t\t\t\t\t<li class=\"splide__slide\">\n\t\t\t\t\t<div class=\"immagine\" style=\"background-image: url(''); background-repeat: no-repeat; background-size: cover; min-height: 400px;\">\n\t\t\t\t\t\t<div class=\"titolo\"><h3>La Pigna: promenade guid\u00e9e au coeur m\u00e9di\u00e9val de Sanremo<\/h3><\/div>\n\t\t\t\t\t\t<div class=\"riassunto\">\n\t\t\t\t\t\t\t<h3><p>Ruelles en spirale, l\u00e9gendes et panoramas dans le bourg qui a travers\u00e9 les si\u00e8cles En remontant du front de mer vers la colline, les rues de Sanremo se resserrent, s&rsquo;enroulent sur elles-m\u00eames et dessinent une spirale qui monte jusqu&rsquo;au sommet: c&rsquo;est La Pigna, le noyau m\u00e9di\u00e9val de la ville, l&rsquo;un des mieux conserv\u00e9s de toute [&hellip;]<\/p>\n<\/h3>\n\t\t\t\t\t\t\t<div class=\"egoscopri\"><a href=\"https:\/\/itourriviera.it\/fr\/visite-guidee-la-pigna-sanremo\/\">Scopri di pi\u00f9<\/a><\/div>\n\t\t\t\t\t\t<\/div>\n\t\t\t\t\t\t<div class=\"trasparenza\"><\/div>\n\t\t\t\t\t<\/div>\n\t\t\t\t<\/li>\n\t\t\t\t\t\t\t\t<li class=\"splide__slide\">\n\t\t\t\t\t<div class=\"immagine\" style=\"background-image: url('https:\/\/itourriviera.it\/wp-content\/uploads\/2025\/01\/cioccolato-experience-1024x640.jpg'); background-repeat: no-repeat; background-size: cover; min-height: 400px;\">\n\t\t\t\t\t\t<div class=\"titolo\"><h3>Exp\u00e9rience Chocolat sur la C\u00f4te d\u2019Azur | iTour Riviera<\/h3><\/div>\n\t\t\t\t\t\t<div class=\"riassunto\">\n\t\t\t\t\t\t\t<h3><p>Offrez-vous une journ\u00e9e pour d\u00e9couvrir l\u2019histoire, les saveurs et le savoir-faire du chocolat sur la C\u00f4te d\u2019Azur.<\/p>\n<\/h3>\n\t\t\t\t\t\t\t<div class=\"egoscopri\"><a href=\"https:\/\/itourriviera.it\/fr\/experience-chocolat-sur-la-cote-dazur\/\">Scopri di pi\u00f9<\/a><\/div>\n\t\t\t\t\t\t<\/div>\n\t\t\t\t\t\t<div class=\"trasparenza\"><\/div>\n\t\t\t\t\t<\/div>\n\t\t\t\t<\/li>\n\t\t\t\t\t\t\t<\/ul>\n\t\t<\/div>\n\t<\/div>\n<\/section>\n\t[\/et_pb_code][\/et_pb_column][\/et_pb_row][\/et_pb_section][et_pb_section fb_built=\u00a0\u00bb1&Prime; _builder_version=\u00a0\u00bb4.27.7&Prime; custom_padding=\u00a0\u00bb0px||0px||true|false\u00a0\u00bb][et_pb_row column_structure=\u00a0\u00bb4_4&Prime; _builder_version=\u00a0\u00bb4.27.7&Prime; width=\u00a0\u00bb100%\u00a0\u00bb max_width=\u00a0\u00bb100%\u00a0\u00bb custom_padding=\u00a0\u00bb0px||0px||true|false\u00a0\u00bb][et_pb_column type=\u00a0\u00bb4_4&Prime; _builder_version=\u00a0\u00bb4.27.7&Prime;][et_pb_code _builder_version=\u00a0\u00bb4.27.7&Prime;]<section id=\"logo-carousel2\" class=\"splide\" aria-label=\"Exp\u00e9rience en Ligurie\">\n\t<div class=\"wrap\">\n\t\t\t\t<h2>Exp\u00e9rience en Ligurie<\/h2>\n\t\t\t\t\t\t<div class=\"splide__track\">\n\t\t\t<ul class=\"splide__list\">\n\t\t\t\t\t\t\t\t<li class=\"splide__slide\">\n\t\t\t\t\t<div class=\"immagine\" style=\"background-image: url('https:\/\/itourriviera.it\/wp-content\/uploads\/2023\/09\/sung-jin-cho-Y385ogps3-E-unsplash-1024x683.jpg'); background-repeat: no-repeat; background-size: cover; min-height: 400px;\">\n\t\t\t\t\t\t<div class=\"titolo\"><h3>Les Cinq Terres entre ciel et mer<\/h3><\/div>\n\t\t\t\t\t\t<div class=\"riassunto\">\n\t\t\t\t\t\t\t<h3><p>Le circuit du parc national des Cinque Terre comprend une excursion dans les villes class\u00e9es au patrimoine mondial de l&rsquo;UNESCO et bien d&rsquo;autres choses encore. En r\u00e9servant ce forfait de vacances, vous pourrez \u00e9galement visiter les destinations touristiques les plus attrayantes de la Riviera ligure de Levante et du golfe de Tigullio.<\/p>\n<\/h3>\n\t\t\t\t\t\t\t<div class=\"egoscopri\"><a href=\"https:\/\/itourriviera.it\/fr\/les-cinq-terres-entre-ciel-et-mer\/\">Scopri di pi\u00f9<\/a><\/div>\n\t\t\t\t\t\t<\/div>\n\t\t\t\t\t\t<div class=\"trasparenza\"><\/div>\n\t\t\t\t\t<\/div>\n\t\t\t\t<\/li>\n\t\t\t\t\t\t\t\t<li class=\"splide__slide\">\n\t\t\t\t\t<div class=\"immagine\" style=\"background-image: url('https:\/\/itourriviera.it\/wp-content\/uploads\/2023\/09\/anders-jilden-cYrMQA7a3Wc-unsplash-1024x683.jpg'); background-repeat: no-repeat; background-size: cover; min-height: 400px;\">\n\t\t\t\t\t\t<div class=\"titolo\"><h3>Tour G\u00eanes et Portofino<\/h3><\/div>\n\t\t\t\t\t\t<div class=\"riassunto\">\n\t\t\t\t\t\t\t<h3><p>Le circuit G\u00eanes et Portofino comprend uneexcursion dans les r\u00e9publiques maritimes pour des voyages de groupe \u00e0 la d\u00e9couverte des plus beaux sites de la Ligurie , tels que l&rsquo;aquarium de G\u00eanes, le mus\u00e9e de la mer Galata et le ch\u00e2teau brun de  Portofino. Comptez sur le forfait vacances suivant organis\u00e9 par notre agence de voyages pour profiter pleinement des excursions sans avoir \u00e0 vous soucier des r\u00e9servations d&rsquo; h\u00f4tels et de restaurants.<\/p>\n<\/h3>\n\t\t\t\t\t\t\t<div class=\"egoscopri\"><a href=\"https:\/\/itourriviera.it\/fr\/tour-genes-et-portofino\/\">Scopri di pi\u00f9<\/a><\/div>\n\t\t\t\t\t\t<\/div>\n\t\t\t\t\t\t<div class=\"trasparenza\"><\/div>\n\t\t\t\t\t<\/div>\n\t\t\t\t<\/li>\n\t\t\t\t\t\t\t\t<li class=\"splide__slide\">\n\t\t\t\t\t<div class=\"immagine\" style=\"background-image: url('https:\/\/itourriviera.it\/wp-content\/uploads\/2023\/09\/sophie-laurent-TAkpcOEByIE-unsplash-1024x768.jpg'); background-repeat: no-repeat; background-size: cover; min-height: 400px;\">\n\t\t\t\t\t\t<div class=\"titolo\"><h3>Circuit \u0153nogastronomique Langhe &#038; Riviera<\/h3><\/div>\n\t\t\t\t\t\t<div class=\"riassunto\">\n\t\t\t\t\t\t\t<h3><p>Cette semaine, vous pourrez d\u00e9guster les sp\u00e9cialit\u00e9s de la cuisine du terroir du Pi\u00e9mont et de la cuisine de la mer de la Ligurie, dans une combinaison de saveurs et de parfums que seule la cuisine italienne peut offrir.<\/p>\n<\/h3>\n\t\t\t\t\t\t\t<div class=\"egoscopri\"><a href=\"https:\/\/itourriviera.it\/fr\/circuit-oenogastronomique-langhe-riviera\/\">Scopri di pi\u00f9<\/a><\/div>\n\t\t\t\t\t\t<\/div>\n\t\t\t\t\t\t<div class=\"trasparenza\"><\/div>\n\t\t\t\t\t<\/div>\n\t\t\t\t<\/li>\n\t\t\t\t\t\t\t\t<li class=\"splide__slide\">\n\t\t\t\t\t<div class=\"immagine\" style=\"background-image: url('https:\/\/itourriviera.it\/wp-content\/uploads\/2011\/11\/belinda-fewings-kyRvCJEhbtQ-unsplash-1024x768.jpg'); background-repeat: no-repeat; background-size: cover; min-height: 400px;\">\n\t\t\t\t\t\t<div class=\"titolo\"><h3>G\u00eanes, la superbe<\/h3><\/div>\n\t\t\t\t\t\t<div class=\"riassunto\">\n\t\t\t\t\t\t\t<h3><p>enti\u00e9rement restaur\u00e9e d&rsquo;apr\u00e8s le projet de l&rsquo;architecte Renzo Piano pour les Colombiadi de 1992<\/p>\n<\/h3>\n\t\t\t\t\t\t\t<div class=\"egoscopri\"><a href=\"https:\/\/itourriviera.it\/fr\/1-genes-la-superbe-3\/\">Scopri di pi\u00f9<\/a><\/div>\n\t\t\t\t\t\t<\/div>\n\t\t\t\t\t\t<div class=\"trasparenza\"><\/div>\n\t\t\t\t\t<\/div>\n\t\t\t\t<\/li>\n\t\t\t\t\t\t\t<\/ul>\n\t\t<\/div>\n\t<\/div>\n<\/section>\n\t[\/et_pb_code][\/et_pb_column][\/et_pb_row][\/et_pb_section][et_pb_section fb_built=\u00a0\u00bb1&Prime; _builder_version=\u00a0\u00bb4.27.7&Prime; custom_padding=\u00a0\u00bb0px||0px||true|false\u00a0\u00bb][et_pb_row column_structure=\u00a0\u00bb4_4&Prime; _builder_version=\u00a0\u00bb4.27.7&Prime; width=\u00a0\u00bb100%\u00a0\u00bb max_width=\u00a0\u00bb100%\u00a0\u00bb custom_padding=\u00a0\u00bb0px||0px||true|false\u00a0\u00bb][et_pb_column type=\u00a0\u00bb4_4&Prime; _builder_version=\u00a0\u00bb4.27.7&Prime;][et_pb_code _builder_version=\u00a0\u00bb4.27.7&Prime;]<section id=\"logo-carousel3\" class=\"splide\" aria-label=\"Exp\u00e9rience en France\">\n\t<div class=\"wrap\">\n\t\t\t\t<h2>Exp\u00e9rience en France<\/h2>\n\t\t\t\t\t\t<div class=\"splide__track\">\n\t\t\t<ul class=\"splide__list\">\n\t\t\t\t\t\t\t\t<li class=\"splide__slide\">\n\t\t\t\t\t<div class=\"immagine\" style=\"background-image: url('https:\/\/itourriviera.it\/wp-content\/uploads\/2025\/01\/cioccolato-experience-1024x640.jpg'); background-repeat: no-repeat; background-size: cover; min-height: 400px;\">\n\t\t\t\t\t\t<div class=\"titolo\"><h3>Exp\u00e9rience Chocolat sur la C\u00f4te d\u2019Azur | iTour Riviera<\/h3><\/div>\n\t\t\t\t\t\t<div class=\"riassunto\">\n\t\t\t\t\t\t\t<h3><p>Offrez-vous une journ\u00e9e pour d\u00e9couvrir l\u2019histoire, les saveurs et le savoir-faire du chocolat sur la C\u00f4te d\u2019Azur.<\/p>\n<\/h3>\n\t\t\t\t\t\t\t<div class=\"egoscopri\"><a href=\"https:\/\/itourriviera.it\/fr\/experience-chocolat-sur-la-cote-dazur\/\">Scopri di pi\u00f9<\/a><\/div>\n\t\t\t\t\t\t<\/div>\n\t\t\t\t\t\t<div class=\"trasparenza\"><\/div>\n\t\t\t\t\t<\/div>\n\t\t\t\t<\/li>\n\t\t\t\t\t\t\t\t<li class=\"splide__slide\">\n\t\t\t\t\t<div class=\"immagine\" style=\"background-image: url('https:\/\/itourriviera.it\/wp-content\/uploads\/2013\/07\/alpha-loup.jpg'); background-repeat: no-repeat; background-size: cover; min-height: 400px;\">\n\t\t\t\t\t\t<div class=\"titolo\"><h3>Excursion : Alpha, le parc des loups | iTour Riviera<\/h3><\/div>\n\t\t\t\t\t\t<div class=\"riassunto\">\n\t\t\t\t\t\t\t<h3><p>Alpha est un parc naturel situ\u00e9 au c\u0153ur du parc national du Mercantour, en France, qui abrite plusieurs esp\u00e8ces de loups des Alpes.<\/p>\n<\/h3>\n\t\t\t\t\t\t\t<div class=\"egoscopri\"><a href=\"https:\/\/itourriviera.it\/fr\/excursion-alpha-le-parc-des-loups\/\">Scopri di pi\u00f9<\/a><\/div>\n\t\t\t\t\t\t<\/div>\n\t\t\t\t\t\t<div class=\"trasparenza\"><\/div>\n\t\t\t\t\t<\/div>\n\t\t\t\t<\/li>\n\t\t\t\t\t\t\t\t<li class=\"splide__slide\">\n\t\t\t\t\t<div class=\"immagine\" style=\"background-image: url('https:\/\/itourriviera.it\/wp-content\/uploads\/2013\/07\/pasquale-iovino-aNOkFgAUQAE-unsplash-1024x681.jpg'); background-repeat: no-repeat; background-size: cover; min-height: 400px;\">\n\t\t\t\t\t\t<div class=\"titolo\"><h3>Excursion : Monte Carlo by night | iTour Riviera<\/h3><\/div>\n\t\t\t\t\t\t<div class=\"riassunto\">\n\t\t\t\t\t\t\t<h3><p>Une excursion \u00e0 la d\u00e9couverte de la vie nocturne de Monte-Carlo, qui se d\u00e9roule entre la place du Casino et le port.<\/p>\n<\/h3>\n\t\t\t\t\t\t\t<div class=\"egoscopri\"><a href=\"https:\/\/itourriviera.it\/fr\/excursion-monte-carlo-by-night\/\">Scopri di pi\u00f9<\/a><\/div>\n\t\t\t\t\t\t<\/div>\n\t\t\t\t\t\t<div class=\"trasparenza\"><\/div>\n\t\t\t\t\t<\/div>\n\t\t\t\t<\/li>\n\t\t\t\t\t\t\t\t<li class=\"splide__slide\">\n\t\t\t\t\t<div class=\"immagine\" style=\"background-image: url('https:\/\/itourriviera.it\/wp-content\/uploads\/2023\/08\/ile-saint-honorat_CRT-Cote-d-Azur-France_CamilleMOIRENC-1.jpg-1200px-1024x683.jpg'); background-repeat: no-repeat; background-size: cover; min-height: 400px;\">\n\t\t\t\t\t\t<div class=\"titolo\"><h3>Excursion en bateau aux \u00eeles L\u00e9rins | iTour Riviera<\/h3><\/div>\n\t\t\t\t\t\t<div class=\"riassunto\">\n\t\t\t\t\t\t\t<h3><p>Une journ\u00e9e en mer inoubliable au d\u00e9part du port de San Remo vers les \u00eeles de L\u00e9rins dans la baie de Cannes, avec la possibilit\u00e9 de voir les merveilles de la Riviera depuis la mer : Cap La Mortola, Cap Martin, Monte Carlo, Cap Ferrat, la baie de Nice, le Cap d&rsquo;Antibes et la baie de Cannes.<\/p>\n<\/h3>\n\t\t\t\t\t\t\t<div class=\"egoscopri\"><a href=\"https:\/\/itourriviera.it\/fr\/excursion-en-bateau-aux-iles-lerins\/\">Scopri di pi\u00f9<\/a><\/div>\n\t\t\t\t\t\t<\/div>\n\t\t\t\t\t\t<div class=\"trasparenza\"><\/div>\n\t\t\t\t\t<\/div>\n\t\t\t\t<\/li>\n\t\t\t\t\t\t\t\t<li class=\"splide__slide\">\n\t\t\t\t\t<div class=\"immagine\" style=\"background-image: url('https:\/\/itourriviera.it\/wp-content\/uploads\/2013\/08\/profumi_grasse.jpg'); background-repeat: no-repeat; background-size: cover; min-height: 400px;\">\n\t\t\t\t\t\t<div class=\"titolo\"><h3>Excursion : Grasse et Saint-Paul de Vence | iTour Riviera<\/h3><\/div>\n\t\t\t\t\t\t<div class=\"riassunto\">\n\t\t\t\t\t\t\t<h3><p>Les parfums de la C\u00f4te d&rsquo;Azur : une excursion pour d\u00e9couvrir les origines des parfums les plus exclusifs en visitant les ateliers des ma\u00eetres parfumeurs de Grasse, et pour appr\u00e9cier les cr\u00e9ations des artistes de Saint Paul de Vence.<\/p>\n<\/h3>\n\t\t\t\t\t\t\t<div class=\"egoscopri\"><a href=\"https:\/\/itourriviera.it\/fr\/excursion-grasse-et-saint-paul-de-vence\/\">Scopri di pi\u00f9<\/a><\/div>\n\t\t\t\t\t\t<\/div>\n\t\t\t\t\t\t<div class=\"trasparenza\"><\/div>\n\t\t\t\t\t<\/div>\n\t\t\t\t<\/li>\n\t\t\t\t\t\t\t<\/ul>\n\t\t<\/div>\n\t<\/div>\n<\/section>\n\t[\/et_pb_code][\/et_pb_column][\/et_pb_row][\/et_pb_section][et_pb_section fb_built=\u00a0\u00bb1&Prime; _builder_version=\u00a0\u00bb4.27.7&Prime; custom_padding=\u00a0\u00bb0px||0px||true|false\u00a0\u00bb][et_pb_row column_structure=\u00a0\u00bb4_4&Prime; _builder_version=\u00a0\u00bb4.27.7&Prime; width=\u00a0\u00bb100%\u00a0\u00bb max_width=\u00a0\u00bb100%\u00a0\u00bb custom_padding=\u00a0\u00bb0px||0px||true|false\u00a0\u00bb][et_pb_column type=\u00a0\u00bb4_4&Prime; _builder_version=\u00a0\u00bb4.27.7&Prime;][et_pb_code _builder_version=\u00a0\u00bb4.27.7&Prime;]<section id=\"logo-carousel4\" class=\"splide\" aria-label=\"Exp\u00e9rience au Pi\u00e9mont\">\n\t<div class=\"wrap\">\n\t\t\t\t<h2>Exp\u00e9rience au Pi\u00e9mont<\/h2>\n\t\t\t\t\t\t<div class=\"splide__track\">\n\t\t\t<ul class=\"splide__list\">\n\t\t\t\t\t\t\t\t<li class=\"splide__slide\">\n\t\t\t\t\t<div class=\"immagine\" style=\"background-image: url('https:\/\/itourriviera.it\/wp-content\/uploads\/2013\/07\/serravalle-outlet-village.jpg'); background-repeat: no-repeat; background-size: cover; min-height: 400px;\">\n\t\t\t\t\t\t<div class=\"titolo\"><h3>Serravalle Designer Outlet Village | iTour Riviera<\/h3><\/div>\n\t\t\t\t\t\t<div class=\"riassunto\">\n\t\t\t\t\t\t\t<h3><p>Une occasion unique de faire du shopping pour tous les amoureux de la mode italienne et du design made in Italy au Mc Arthur Glen&rsquo;s Designer Outlet \u00e0 Serravalle Scrivia.<\/p>\n<\/h3>\n\t\t\t\t\t\t\t<div class=\"egoscopri\"><a href=\"https:\/\/itourriviera.it\/fr\/serravalle-designer-outlet-village\/\">Scopri di pi\u00f9<\/a><\/div>\n\t\t\t\t\t\t<\/div>\n\t\t\t\t\t\t<div class=\"trasparenza\"><\/div>\n\t\t\t\t\t<\/div>\n\t\t\t\t<\/li>\n\t\t\t\t\t\t\t\t<li class=\"splide__slide\">\n\t\t\t\t\t<div class=\"immagine\" style=\"background-image: url('https:\/\/itourriviera.it\/wp-content\/uploads\/2023\/09\/fabio-fistarol-VGk9Fz_QCRo-unsplash-1024x683.jpg'); background-repeat: no-repeat; background-size: cover; min-height: 400px;\">\n\t\t\t\t\t\t<div class=\"titolo\"><h3>Grand tour des lacs pi\u00e9montais<\/h3><\/div>\n\t\t\t\t\t\t<div class=\"riassunto\">\n\t\t\t\t\t\t\t<h3><p>Visites des pittoresques lacs pi\u00e9montais &#8211; lac Majeur, lac d&rsquo;Orta &#8211; et des villes m\u00e9di\u00e9vales comme Angera, entrecoup\u00e9es de d\u00e9gustations de produits et de vins typiques.<\/p>\n<\/h3>\n\t\t\t\t\t\t\t<div class=\"egoscopri\"><a href=\"https:\/\/itourriviera.it\/fr\/grand-tour-des-lacs-piemontais\/\">Scopri di pi\u00f9<\/a><\/div>\n\t\t\t\t\t\t<\/div>\n\t\t\t\t\t\t<div class=\"trasparenza\"><\/div>\n\t\t\t\t\t<\/div>\n\t\t\t\t<\/li>\n\t\t\t\t\t\t\t\t<li class=\"splide__slide\">\n\t\t\t\t\t<div class=\"immagine\" style=\"background-image: url('https:\/\/itourriviera.it\/wp-content\/uploads\/2023\/09\/franz-republic-tUD7dpoNhdQ-unsplash-1024x768.jpg'); background-repeat: no-repeat; background-size: cover; min-height: 400px;\">\n\t\t\t\t\t\t<div class=\"titolo\"><h3>Oenogastronomie dans les Langhe<\/h3><\/div>\n\t\t\t\t\t\t<div class=\"riassunto\">\n\t\t\t\t\t\t\t<h3><p>L&rsquo;offre de vacances \u00ab\u00a0Enogastronomie dans les Langhe\u00a0\u00bb comprend une visite gastronomique du Pi\u00e9mont \u00e0 travers les vignobles, les caves et les magasins de vin.<\/p>\n<\/h3>\n\t\t\t\t\t\t\t<div class=\"egoscopri\"><a href=\"https:\/\/itourriviera.it\/fr\/oenogastronomie-dans-les-langhe\/\">Scopri di pi\u00f9<\/a><\/div>\n\t\t\t\t\t\t<\/div>\n\t\t\t\t\t\t<div class=\"trasparenza\"><\/div>\n\t\t\t\t\t<\/div>\n\t\t\t\t<\/li>\n\t\t\t\t\t\t\t\t<li class=\"splide__slide\">\n\t\t\t\t\t<div class=\"immagine\" style=\"background-image: url('https:\/\/itourriviera.it\/wp-content\/uploads\/2023\/09\/juan-gomez-sE6ihVGSd1Q-unsplash-1024x679.jpg'); background-repeat: no-repeat; background-size: cover; min-height: 400px;\">\n\t\t\t\t\t\t<div class=\"titolo\"><h3>Cours de cuisine ligure et pi\u00e9montaise<\/h3><\/div>\n\t\t\t\t\t\t<div class=\"riassunto\">\n\t\t\t\t\t\t\t<h3><p>Cette semaine vous d\u00e9couvrirez les plats traditionnels de la cuisine ligure et pi\u00e9montaise, et vous apprendrez \u00e0 les pr\u00e9parer vous-m\u00eame dans les \u00e9coles de cuisine que nous avons s\u00e9lectionn\u00e9es.<\/p>\n<\/h3>\n\t\t\t\t\t\t\t<div class=\"egoscopri\"><a href=\"https:\/\/itourriviera.it\/fr\/cours-de-cuisine-ligure-et-piemontaise\/\">Scopri di pi\u00f9<\/a><\/div>\n\t\t\t\t\t\t<\/div>\n\t\t\t\t\t\t<div class=\"trasparenza\"><\/div>\n\t\t\t\t\t<\/div>\n\t\t\t\t<\/li>\n\t\t\t\t\t\t\t\t<li class=\"splide__slide\">\n\t\t\t\t\t<div class=\"immagine\" style=\"background-image: url('https:\/\/itourriviera.it\/wp-content\/uploads\/2023\/09\/emre-9SDh6PF2g_U-unsplash-1024x683.jpg'); background-repeat: no-repeat; background-size: cover; min-height: 400px;\">\n\t\t\t\t\t\t<div class=\"titolo\"><h3>Truffes et huile nouvelle<\/h3><\/div>\n\t\t\t\t\t\t<div class=\"riassunto\">\n\t\t\t\t\t\t\t<h3><p>Cette semaine, nous vous emmenons \u00e0 la d\u00e9couverte de l&rsquo;excellence de la cuisine italienne : la truffe blanche d&rsquo;Alba et la nouvelle huile d&rsquo;olive taggiasca de la Riviera Ligure.<\/p>\n<\/h3>\n\t\t\t\t\t\t\t<div class=\"egoscopri\"><a href=\"https:\/\/itourriviera.it\/fr\/truffes-et-huile-nouvelle\/\">Scopri di pi\u00f9<\/a><\/div>\n\t\t\t\t\t\t<\/div>\n\t\t\t\t\t\t<div class=\"trasparenza\"><\/div>\n\t\t\t\t\t<\/div>\n\t\t\t\t<\/li>\n\t\t\t\t\t\t\t<\/ul>\n\t\t<\/div>\n\t<\/div>\n<\/section>\n\t[\/et_pb_code][\/et_pb_column][\/et_pb_row][\/et_pb_section][et_pb_section fb_built=\u00a0\u00bb1&Prime; _builder_version=\u00a0\u00bb4.27.7&Prime; custom_padding=\u00a0\u00bb0px||0px||true|false\u00a0\u00bb][et_pb_row column_structure=\u00a0\u00bb4_4&Prime; _builder_version=\u00a0\u00bb4.27.7&Prime; width=\u00a0\u00bb100%\u00a0\u00bb max_width=\u00a0\u00bb100%\u00a0\u00bb custom_padding=\u00a0\u00bb0px||0px||true|false\u00a0\u00bb][et_pb_column type=\u00a0\u00bb4_4&Prime; _builder_version=\u00a0\u00bb4.27.7&Prime;][et_pb_code _builder_version=\u00a0\u00bb4.27.7&Prime;]<div class=\"bloccoonde\">\n\t<div class=\"bloccoondetop\"><\/div>\n\t<div class=\"bloccoondebottom\"><\/div>\n\t<div class=\"bloccoondewrap\">\n\t\t<h3>Scopri anche<\/h3>\n\t\t<div class=\"splide\" id=\"carosello-scopri-anche\">\n\t\t\t<div class=\"splide__track\">\n\t\t\t\t<ul class=\"splide__list\">\n\t\t\t\t\t\t\t\t\t\t<li class=\"splide__slide\">\n\t\t\t\t\t\t<div class=\"scoprianche-item\">\n\t\t\t\t\t\t\t<div class=\"scoprianche-logo\">\n\t\t\t\t\t\t\t\t<img decoding=\"async\" src=\"https:\/\/itourriviera.it\/wp-content\/uploads\/2024\/12\/itourliguria-logo.png\" alt=\"\">\n\t\t\t\t\t\t\t<\/div>\n\t\t\t\t\t\t\t<div class=\"scoprianche-image\">\n\t\t\t\t\t\t\t\t<a href=\"https:\/\/itourliguria.it\/\" target=\"_blank\" rel=\"noopener\">\n\t\t\t\t\t\t\t\t\t<img decoding=\"async\" src=\"https:\/\/itourprovenza.it\/wp-content\/uploads\/2023\/04\/img-itourliguria.jpg\" alt=\"\">\n\t\t\t\t\t\t\t\t<\/a>\n\t\t\t\t\t\t\t<\/div>\n\t\t\t\t\t\t<\/div>\n\t\t\t\t\t<\/li>\n\t\t\t\t\t\t\t\t\t\t<li class=\"splide__slide\">\n\t\t\t\t\t\t<div class=\"scoprianche-item\">\n\t\t\t\t\t\t\t<div class=\"scoprianche-logo\">\n\t\t\t\t\t\t\t\t<img decoding=\"async\" src=\"https:\/\/itourriviera.it\/wp-content\/uploads\/2024\/12\/itourcostaazzurra-logo.png\" alt=\"\">\n\t\t\t\t\t\t\t<\/div>\n\t\t\t\t\t\t\t<div class=\"scoprianche-image\">\n\t\t\t\t\t\t\t\t<a href=\"https:\/\/itourcostaazzurra.it\/\" target=\"_blank\" rel=\"noopener\">\n\t\t\t\t\t\t\t\t\t<img decoding=\"async\" src=\"https:\/\/itourriviera.it\/wp-content\/uploads\/2026\/05\/img-costazzurra.jpg\" alt=\"\">\n\t\t\t\t\t\t\t\t<\/a>\n\t\t\t\t\t\t\t<\/div>\n\t\t\t\t\t\t<\/div>\n\t\t\t\t\t<\/li>\n\t\t\t\t\t\t\t\t\t\t<li class=\"splide__slide\">\n\t\t\t\t\t\t<div class=\"scoprianche-item\">\n\t\t\t\t\t\t\t<div class=\"scoprianche-logo\">\n\t\t\t\t\t\t\t\t<img decoding=\"async\" src=\"https:\/\/itourriviera.it\/wp-content\/uploads\/2024\/12\/itourprovenza-logo-1.png\" alt=\"\">\n\t\t\t\t\t\t\t<\/div>\n\t\t\t\t\t\t\t<div class=\"scoprianche-image\">\n\t\t\t\t\t\t\t\t<a href=\"https:\/\/itourprovenza.it\/\" target=\"_blank\" rel=\"noopener\">\n\t\t\t\t\t\t\t\t\t<img decoding=\"async\" src=\"https:\/\/itourriviera.it\/wp-content\/uploads\/2026\/05\/img-itourprovence.jpg\" alt=\"\">\n\t\t\t\t\t\t\t\t<\/a>\n\t\t\t\t\t\t\t<\/div>\n\t\t\t\t\t\t<\/div>\n\t\t\t\t\t<\/li>\n\t\t\t\t\t\t\t\t\t<\/ul>\n\t\t\t<\/div>\n\t\t<\/div>\n\t<\/div>\n<\/div>\n\t[\/et_pb_code][\/et_pb_column][\/et_pb_row][\/et_pb_section]<\/p>\n","protected":false},"excerpt":{"rendered":"<p>[et_pb_section fb_built=\u00a0\u00bb1&Prime; _builder_version=\u00a0\u00bb4.27.7&Prime; custom_padding=\u00a0\u00bb0px||0px||true|false\u00a0\u00bb][et_pb_row column_structure=\u00a0\u00bb4_4&Prime; _builder_version=\u00a0\u00bb4.27.7&Prime; width=\u00a0\u00bb100%\u00a0\u00bb max_width=\u00a0\u00bb100%\u00a0\u00bb custom_padding=\u00a0\u00bb0px||0px||true|false\u00a0\u00bb][et_pb_column type=\u00a0\u00bb4_4&Prime; _builder_version=\u00a0\u00bb4.27.7&Prime;][et_pb_code _builder_version=\u00a0\u00bb4.27.7&Prime;][\/et_pb_code][\/et_pb_column][\/et_pb_row][\/et_pb_section][et_pb_section fb_built=\u00a0\u00bb1&Prime; _builder_version=\u00a0\u00bb4.27.7&Prime; custom_padding=\u00a0\u00bb0px||0px||true|false\u00a0\u00bb][et_pb_row column_structure=\u00a0\u00bb4_4&Prime; _builder_version=\u00a0\u00bb4.27.7&Prime; width=\u00a0\u00bb80%\u00a0\u00bb max_width=\u00a0\u00bb80%\u00a0\u00bb custom_padding=\u00a0\u00bb30px||30px||true|false\u00a0\u00bb][et_pb_column type=\u00a0\u00bb4_4&Prime; _builder_version=\u00a0\u00bb4.27.7&Prime;][et_pb_text _builder_version=\u00a0\u00bb4.27.7&Prime;] Excursions et exp\u00e9riences entre la Riviera ligure et la C\u00f4te d&rsquo;Azur, le Pi\u00e9mont et la Provence Notre agence de voyage vous propose une s\u00e9rie d&rsquo;excursions d&rsquo;une journ\u00e9e en Ligurie et sur la [&hellip;]<\/p>\n","protected":false},"author":25,"featured_media":0,"parent":0,"menu_order":0,"comment_status":"closed","ping_status":"closed","template":"","meta":{"_et_pb_use_builder":"on","_et_pb_old_content":"<h1>Excursions et exp\u00e9riences entre la Riviera italienne et la C\u00f4te d'Azur<\/h1>","_et_gb_content_width":"","footnotes":""},"class_list":["post-17970","page","type-page","status-publish","hentry"],"yoast_head":"<!-- This site is optimized with the Yoast SEO plugin v28.4 - https:\/\/yoast.com\/product\/yoast-seo-wordpress\/ -->\n<title>Excursions Riviera Italienne et C\u00f4te d&#039;Azur | iTour Riviera<\/title>\n<meta name=\"description\" content=\"D\u00e9couvrez nos excursions \u00e0 la journ\u00e9e entre Riviera italienne et C\u00f4te d&#039;Azur : villages historiques, gastronomie, G\u00eanes, Portofino, Monte-Carlo.\" \/>\n<meta name=\"robots\" content=\"index, follow, max-snippet:-1, max-image-preview:large, max-video-preview:-1\" \/>\n<link rel=\"canonical\" href=\"https:\/\/itourriviera.it\/fr\/\" \/>\n<meta property=\"og:locale\" content=\"fr_FR\" \/>\n<meta property=\"og:type\" content=\"article\" \/>\n<meta property=\"og:title\" content=\"Excursions Riviera Italienne et C\u00f4te d&#039;Azur | iTour Riviera\" \/>\n<meta property=\"og:description\" content=\"D\u00e9couvrez nos excursions \u00e0 la journ\u00e9e entre Riviera italienne et C\u00f4te d&#039;Azur : villages historiques, gastronomie, G\u00eanes, Portofino, Monte-Carlo.\" \/>\n<meta property=\"og:url\" content=\"https:\/\/itourriviera.it\/fr\/\" \/>\n<meta property=\"og:site_name\" content=\"iTour RIVIERA D.M.C.\" \/>\n<meta property=\"article:modified_time\" content=\"2026-08-31T15:53:26+00:00\" \/>\n<meta property=\"og:image\" content=\"https:\/\/itourriviera.it\/wp-content\/uploads\/2026\/05\/img-costazzurra.jpg\" \/>\n\t<meta property=\"og:image:width\" content=\"817\" \/>\n\t<meta property=\"og:image:height\" content=\"444\" \/>\n\t<meta property=\"og:image:type\" content=\"image\/jpeg\" \/>\n<meta name=\"twitter:card\" content=\"summary_large_image\" \/>\n<meta name=\"twitter:title\" content=\"Excursions Riviera Italienne et C\u00f4te d&#039;Azur | iTour Riviera\" \/>\n<meta name=\"twitter:description\" content=\"D\u00e9couvrez nos excursions \u00e0 la journ\u00e9e entre Riviera italienne et C\u00f4te d&#039;Azur : villages historiques, gastronomie, G\u00eanes, Portofino, Monte-Carlo.\" \/>\n<meta name=\"twitter:image\" content=\"https:\/\/itourriviera.it\/wp-content\/uploads\/2026\/05\/img-costazzurra.jpg\" \/>\n<script type=\"application\/ld+json\" class=\"yoast-schema-graph\">{\"@context\":\"https:\\\/\\\/schema.org\",\"@graph\":[{\"@type\":\"WebPage\",\"@id\":\"https:\\\/\\\/itourriviera.it\\\/fr\\\/\",\"url\":\"https:\\\/\\\/itourriviera.it\\\/fr\\\/\",\"name\":\"Excursions Riviera Italienne et C\u00f4te d'Azur | iTour Riviera\",\"isPartOf\":{\"@id\":\"https:\\\/\\\/itourriviera.it\\\/fr\\\/#website\"},\"datePublished\":\"2024-05-28T10:02:36+00:00\",\"dateModified\":\"2026-08-31T15:53:26+00:00\",\"description\":\"D\u00e9couvrez nos excursions \u00e0 la journ\u00e9e entre Riviera italienne et C\u00f4te d'Azur : villages historiques, gastronomie, G\u00eanes, Portofino, Monte-Carlo.\",\"breadcrumb\":{\"@id\":\"https:\\\/\\\/itourriviera.it\\\/fr\\\/#breadcrumb\"},\"inLanguage\":\"fr-FR\",\"potentialAction\":[{\"@type\":\"ReadAction\",\"target\":[\"https:\\\/\\\/itourriviera.it\\\/fr\\\/\"]}]},{\"@type\":\"BreadcrumbList\",\"@id\":\"https:\\\/\\\/itourriviera.it\\\/fr\\\/#breadcrumb\",\"itemListElement\":[{\"@type\":\"ListItem\",\"position\":1,\"name\":\"Home\",\"item\":\"https:\\\/\\\/itourriviera.it\\\/fr\\\/itour\\\/\"},{\"@type\":\"ListItem\",\"position\":2,\"name\":\"Itour\"}]},{\"@type\":\"WebSite\",\"@id\":\"https:\\\/\\\/itourriviera.it\\\/fr\\\/#website\",\"url\":\"https:\\\/\\\/itourriviera.it\\\/fr\\\/\",\"name\":\"iTour RIVIERA D.M.C.\",\"description\":\"EXPERIENCES ON ITALIAN AND FRENCH RIVIERA\",\"publisher\":{\"@id\":\"https:\\\/\\\/itourriviera.it\\\/fr\\\/#organization\"},\"potentialAction\":[{\"@type\":\"SearchAction\",\"target\":{\"@type\":\"EntryPoint\",\"urlTemplate\":\"https:\\\/\\\/itourriviera.it\\\/fr\\\/?s={search_term_string}\"},\"query-input\":{\"@type\":\"PropertyValueSpecification\",\"valueRequired\":true,\"valueName\":\"search_term_string\"}}],\"inLanguage\":\"fr-FR\"},{\"@type\":\"Organization\",\"@id\":\"https:\\\/\\\/itourriviera.it\\\/fr\\\/#organization\",\"name\":\"iTour RIVIERA D.M.C.\",\"url\":\"https:\\\/\\\/itourriviera.it\\\/fr\\\/\",\"logo\":{\"@type\":\"ImageObject\",\"inLanguage\":\"fr-FR\",\"@id\":\"https:\\\/\\\/itourriviera.it\\\/fr\\\/#\\\/schema\\\/logo\\\/image\\\/\",\"url\":\"https:\\\/\\\/itourriviera.it\\\/wp-content\\\/uploads\\\/2024\\\/12\\\/itourriviera-logo.png\",\"contentUrl\":\"https:\\\/\\\/itourriviera.it\\\/wp-content\\\/uploads\\\/2024\\\/12\\\/itourriviera-logo.png\",\"width\":817,\"height\":80,\"caption\":\"iTour RIVIERA D.M.C.\"},\"image\":{\"@id\":\"https:\\\/\\\/itourriviera.it\\\/fr\\\/#\\\/schema\\\/logo\\\/image\\\/\"}}]}<\/script>\n<!-- \/ Yoast SEO plugin. -->","yoast_head_json":{"title":"Excursions Riviera Italienne et C\u00f4te d'Azur | iTour Riviera","description":"D\u00e9couvrez nos excursions \u00e0 la journ\u00e9e entre Riviera italienne et C\u00f4te d'Azur : villages historiques, gastronomie, G\u00eanes, Portofino, Monte-Carlo.","robots":{"index":"index","follow":"follow","max-snippet":"max-snippet:-1","max-image-preview":"max-image-preview:large","max-video-preview":"max-video-preview:-1"},"canonical":"https:\/\/itourriviera.it\/fr\/","og_locale":"fr_FR","og_type":"article","og_title":"Excursions Riviera Italienne et C\u00f4te d'Azur | iTour Riviera","og_description":"D\u00e9couvrez nos excursions \u00e0 la journ\u00e9e entre Riviera italienne et C\u00f4te d'Azur : villages historiques, gastronomie, G\u00eanes, Portofino, Monte-Carlo.","og_url":"https:\/\/itourriviera.it\/fr\/","og_site_name":"iTour RIVIERA D.M.C.","article_modified_time":"2026-08-31T15:53:26+00:00","og_image":[{"width":817,"height":444,"url":"https:\/\/itourriviera.it\/wp-content\/uploads\/2026\/05\/img-costazzurra.jpg","type":"image\/jpeg"}],"twitter_card":"summary_large_image","twitter_title":"Excursions Riviera Italienne et C\u00f4te d'Azur | iTour Riviera","twitter_description":"D\u00e9couvrez nos excursions \u00e0 la journ\u00e9e entre Riviera italienne et C\u00f4te d'Azur : villages historiques, gastronomie, G\u00eanes, Portofino, Monte-Carlo.","twitter_image":"https:\/\/itourriviera.it\/wp-content\/uploads\/2026\/05\/img-costazzurra.jpg","schema":{"@context":"https:\/\/schema.org","@graph":[{"@type":"WebPage","@id":"https:\/\/itourriviera.it\/fr\/","url":"https:\/\/itourriviera.it\/fr\/","name":"Excursions Riviera Italienne et C\u00f4te d'Azur | iTour Riviera","isPartOf":{"@id":"https:\/\/itourriviera.it\/fr\/#website"},"datePublished":"2024-05-28T10:02:36+00:00","dateModified":"2026-08-31T15:53:26+00:00","description":"D\u00e9couvrez nos excursions \u00e0 la journ\u00e9e entre Riviera italienne et C\u00f4te d'Azur : villages historiques, gastronomie, G\u00eanes, Portofino, Monte-Carlo.","breadcrumb":{"@id":"https:\/\/itourriviera.it\/fr\/#breadcrumb"},"inLanguage":"fr-FR","potentialAction":[{"@type":"ReadAction","target":["https:\/\/itourriviera.it\/fr\/"]}]},{"@type":"BreadcrumbList","@id":"https:\/\/itourriviera.it\/fr\/#breadcrumb","itemListElement":[{"@type":"ListItem","position":1,"name":"Home","item":"https:\/\/itourriviera.it\/fr\/itour\/"},{"@type":"ListItem","position":2,"name":"Itour"}]},{"@type":"WebSite","@id":"https:\/\/itourriviera.it\/fr\/#website","url":"https:\/\/itourriviera.it\/fr\/","name":"iTour RIVIERA D.M.C.","description":"EXPERIENCES ON ITALIAN AND FRENCH RIVIERA","publisher":{"@id":"https:\/\/itourriviera.it\/fr\/#organization"},"potentialAction":[{"@type":"SearchAction","target":{"@type":"EntryPoint","urlTemplate":"https:\/\/itourriviera.it\/fr\/?s={search_term_string}"},"query-input":{"@type":"PropertyValueSpecification","valueRequired":true,"valueName":"search_term_string"}}],"inLanguage":"fr-FR"},{"@type":"Organization","@id":"https:\/\/itourriviera.it\/fr\/#organization","name":"iTour RIVIERA D.M.C.","url":"https:\/\/itourriviera.it\/fr\/","logo":{"@type":"ImageObject","inLanguage":"fr-FR","@id":"https:\/\/itourriviera.it\/fr\/#\/schema\/logo\/image\/","url":"https:\/\/itourriviera.it\/wp-content\/uploads\/2024\/12\/itourriviera-logo.png","contentUrl":"https:\/\/itourriviera.it\/wp-content\/uploads\/2024\/12\/itourriviera-logo.png","width":817,"height":80,"caption":"iTour RIVIERA D.M.C."},"image":{"@id":"https:\/\/itourriviera.it\/fr\/#\/schema\/logo\/image\/"}}]}},"_links":{"self":[{"href":"https:\/\/itourriviera.it\/fr\/wp-json\/wp\/v2\/pages\/17970","targetHints":{"allow":["GET"]}}],"collection":[{"href":"https:\/\/itourriviera.it\/fr\/wp-json\/wp\/v2\/pages"}],"about":[{"href":"https:\/\/itourriviera.it\/fr\/wp-json\/wp\/v2\/types\/page"}],"author":[{"embeddable":true,"href":"https:\/\/itourriviera.it\/fr\/wp-json\/wp\/v2\/users\/25"}],"replies":[{"embeddable":true,"href":"https:\/\/itourriviera.it\/fr\/wp-json\/wp\/v2\/comments?post=17970"}],"version-history":[{"count":4,"href":"https:\/\/itourriviera.it\/fr\/wp-json\/wp\/v2\/pages\/17970\/revisions"}],"predecessor-version":[{"id":18898,"href":"https:\/\/itourriviera.it\/fr\/wp-json\/wp\/v2\/pages\/17970\/revisions\/18898"}],"wp:attachment":[{"href":"https:\/\/itourriviera.it\/fr\/wp-json\/wp\/v2\/media?parent=17970"}],"curies":[{"name":"wp","href":"https:\/\/api.w.org\/{rel}","templated":true}]}}