{"id":17971,"date":"2024-05-28T10:02:49","date_gmt":"2024-05-28T10:02:49","guid":{"rendered":"https:\/\/beta.itourriviera.it\/itour\/"},"modified":"2026-08-31T15:53:26","modified_gmt":"2026-08-31T15:53:26","slug":"itour","status":"publish","type":"page","link":"https:\/\/itourriviera.it\/de\/","title":{"rendered":"Itour"},"content":{"rendered":"<p>[et_pb_section fb_built=&#8220;1&#8243; _builder_version=&#8220;4.27.7&#8243; custom_padding=&#8220;0px||0px||true|false&#8220;][et_pb_row column_structure=&#8220;4_4&#8243; _builder_version=&#8220;4.27.7&#8243; width=&#8220;100%&#8220; max_width=&#8220;100%&#8220; custom_padding=&#8220;0px||0px||true|false&#8220;][et_pb_column type=&#8220;4_4&#8243; _builder_version=&#8220;4.27.7&#8243;][et_pb_code _builder_version=&#8220;4.27.7&#8243;]<section id=\"egoslider\" class=\"splide\" aria-label=\"In evidenza\">\n\t<div class=\"splide__track\">\n\t\t<ul class=\"splide__list\">\n\t\t\t\t\t\t<li class=\"splide__slide\">\n\t\t\t\t<div class=\"egoslider\">\n\t\t\t\t\t<div class=\"egoslider-onda\"><\/div>\n\t\t\t\t\t<div class=\"immagine\" style=\"background-image: url('https:\/\/itourriviera.it\/wp-content\/uploads\/2023\/09\/sophie-laurent-TAkpcOEByIE-unsplash-1024x768.jpg'); background-repeat: no-repeat; background-size: cover;\">\n\t\t\t\t\t\t<div class=\"contenuto-slider\">\n\t\t\t\t\t\t\t<div class=\"titolo-slider\"><h3>Essens &#038; Wein Tour von Langhe und der Riviera<\/h3><\/div>\n\t\t\t\t\t\t\t<div class=\"riassunto-slider\">\n\t\t\t\t\t\t\t\t<p>In dieser Woche k\u00f6nnen Sie die Spezialit\u00e4ten der piemontesischen Landk\u00fcche und der ligurischen Meeresk\u00fcche genie\u00dfen, eine Kombination von Aromen und D\u00fcften, wie sie nur die italienische K\u00fcche bieten kann.<\/p>\n\t\t\t\t\t\t\t\t<div class=\"egoscopri\"><a href=\"https:\/\/itourriviera.it\/de\/essens-wein-tour-von-langhe-und-der-riviera\/\">Scopri di pi\u00f9<\/a><\/div>\n\t\t\t\t\t\t\t<\/div>\n\t\t\t\t\t\t<\/div>\n\t\t\t\t\t<\/div>\n\t\t\t\t<\/div>\n\t\t\t<\/li>\n\t\t\t\t\t\t<li class=\"splide__slide\">\n\t\t\t\t<div class=\"egoslider\">\n\t\t\t\t\t<div class=\"egoslider-onda\"><\/div>\n\t\t\t\t\t<div class=\"immagine\" style=\"background-image: url('https:\/\/itourriviera.it\/wp-content\/uploads\/2023\/09\/dan-hadar-svoVF7rWpsw-unsplash-1024x683.jpg'); background-repeat: no-repeat; background-size: cover;\">\n\t\t\t\t\t\t<div class=\"contenuto-slider\">\n\t\t\t\t\t\t\t<div class=\"titolo-slider\"><h3>Tour durch die D\u00f6rfer der italienischen Riviera \u2013 \u201c Die Orangenen Flaggen\u201c<\/h3><\/div>\n\t\t\t\t\t\t\t<div class=\"riassunto-slider\">\n\t\t\t\t\t\t\t\t<p>Dieses Urlaubspaket f\u00fchrt Sie zu den D\u00f6rfern in Ligurien, die vom italienischen Touring Club mit den orangenen Fahnen ausgezeichnet wurden.<\/p>\n\t\t\t\t\t\t\t\t<div class=\"egoscopri\"><a href=\"https:\/\/itourriviera.it\/de\/tour-durch-die-doerfer-der-italienischen-riviera-die-orangenen-flaggen\/\">Scopri di pi\u00f9<\/a><\/div>\n\t\t\t\t\t\t\t<\/div>\n\t\t\t\t\t\t<\/div>\n\t\t\t\t\t<\/div>\n\t\t\t\t<\/div>\n\t\t\t<\/li>\n\t\t\t\t\t\t<li class=\"splide__slide\">\n\t\t\t\t<div class=\"egoslider\">\n\t\t\t\t\t<div class=\"egoslider-onda\"><\/div>\n\t\t\t\t\t<div class=\"immagine\" style=\"background-image: url('https:\/\/itourriviera.it\/wp-content\/uploads\/2023\/09\/anders-jilden-cYrMQA7a3Wc-unsplash-1024x683.jpg'); background-repeat: no-repeat; background-size: cover;\">\n\t\t\t\t\t\t<div class=\"contenuto-slider\">\n\t\t\t\t\t\t\t<div class=\"titolo-slider\"><h3>Genua und Portofino Tour<\/h3><\/div>\n\t\t\t\t\t\t\t<div class=\"riassunto-slider\">\n\t\t\t\t\t\t\t\t<p>Die Tour von Genua und Portofino beinhaltet einen Ausflug in die Seerepubliken f\u00fcr Gruppenreisen, um die sch\u00f6nsten touristischen Attraktionen Liguriens wie das Aquarium von Genua, das Meeresmuseum Galata und das Schloss Brown in Portofino zu entdecken.<\/p>\n\t\t\t\t\t\t\t\t<div class=\"egoscopri\"><a href=\"https:\/\/itourriviera.it\/de\/genua-und-portofino-tour\/\">Scopri di pi\u00f9<\/a><\/div>\n\t\t\t\t\t\t\t<\/div>\n\t\t\t\t\t\t<\/div>\n\t\t\t\t\t<\/div>\n\t\t\t\t<\/div>\n\t\t\t<\/li>\n\t\t\t\t\t\t<li class=\"splide__slide\">\n\t\t\t\t<div class=\"egoslider\">\n\t\t\t\t\t<div class=\"egoslider-onda\"><\/div>\n\t\t\t\t\t<div class=\"immagine\" style=\"background-image: url('https:\/\/itourriviera.it\/wp-content\/uploads\/2023\/09\/marian-baciu-NbxPunaCSko-unsplash-1024x681.jpg'); background-repeat: no-repeat; background-size: cover;\">\n\t\t\t\t\t\t<div class=\"contenuto-slider\">\n\t\t\t\t\t\t\t<div class=\"titolo-slider\"><h3>Gourmet- und Weinreisen franz\u00f6sische Riviera<\/h3><\/div>\n\t\t\t\t\t\t\t<div class=\"riassunto-slider\">\n\t\t\t\t\t\t\t\t<p>Unsere Agentur l\u00e4dt Sie ein, das Beste der typischen Produkte der C\u00f4te d&#8217;Azur auf der folgenden kulinarischen Gruppenreise zu probieren.<\/p>\n\t\t\t\t\t\t\t\t<div class=\"egoscopri\"><a href=\"https:\/\/itourriviera.it\/de\/gourmet-und-weinreisen-franzoesische-riviera\/\">Scopri di pi\u00f9<\/a><\/div>\n\t\t\t\t\t\t\t<\/div>\n\t\t\t\t\t\t<\/div>\n\t\t\t\t\t<\/div>\n\t\t\t\t<\/div>\n\t\t\t<\/li>\n\t\t\t\t\t<\/ul>\n\t<\/div>\n<\/section>\n\t[\/et_pb_code][\/et_pb_column][\/et_pb_row][\/et_pb_section][et_pb_section fb_built=&#8220;1&#8243; _builder_version=&#8220;4.27.7&#8243; custom_padding=&#8220;0px||0px||true|false&#8220;][et_pb_row column_structure=&#8220;4_4&#8243; _builder_version=&#8220;4.27.7&#8243; width=&#8220;80%&#8220; max_width=&#8220;80%&#8220; custom_padding=&#8220;30px||30px||true|false&#8220;][et_pb_column type=&#8220;4_4&#8243; _builder_version=&#8220;4.27.7&#8243;][et_pb_text _builder_version=&#8220;4.27.7&#8243;]<\/p>\n<h1>Ausfl\u00fcge und Erlebnisse zwischen der ligurischen Riviera und der C\u00f4te d&#8217;Azur, dem Piemont und der Provence<\/h1>\n<p>Unser Reiseb\u00fcro bietet Ihnen eine Reihe von Tagesausfl\u00fcgen nach Ligurien und an die C\u00f4te d&#8217;Azur, die Ihren Aufenthalt in Sanremo bereichern werden.<\/p>\n<p>[\/et_pb_text][\/et_pb_column][\/et_pb_row][\/et_pb_section][et_pb_section fb_built=&#8220;1&#8243; _builder_version=&#8220;4.27.7&#8243; custom_padding=&#8220;0px||0px||true|false&#8220; background_image=&#8220;https:\/\/itourriviera.it\/wp-content\/themes\/ego_itour\/images\/img-mare-liguria.jpg&#8220; background_size=&#8220;cover&#8220; background_repeat=&#8220;no-repeat&#8220; module_class=&#8220;cartinahome-sez&#8220;][et_pb_row column_structure=&#8220;1_2,1_2&#8243; _builder_version=&#8220;4.27.7&#8243; width=&#8220;100%&#8220; max_width=&#8220;100%&#8220; custom_padding=&#8220;0px||0px||true|false&#8220;][et_pb_column type=&#8220;1_2&#8243; _builder_version=&#8220;4.27.7&#8243;][et_pb_image src=&#8220;https:\/\/itourriviera.it\/wp-content\/uploads\/2026\/05\/img-cartina.jpg&#8220; _builder_version=&#8220;4.27.7&#8243; width=&#8220;80%&#8220; module_alignment=&#8220;right&#8220;][\/et_pb_image][\/et_pb_column][et_pb_column type=&#8220;1_2&#8243; _builder_version=&#8220;4.27.7&#8243;][et_pb_text _builder_version=&#8220;4.27.7&#8243; text_text_color=&#8220;#ffffff&#8220; header_2_text_color=&#8220;#ffffff&#8220; header_3_text_color=&#8220;#ffffff&#8220; header_4_text_color=&#8220;#ffffff&#8220; link_text_color=&#8220;#ffffff&#8220; header_3_font=&#8220;|700|||||||&#8220; header_3_font_size=&#8220;40px&#8220; header_3_line_height=&#8220;1em&#8220; text_font=&#8220;|500|||||||&#8220; text_font_size=&#8220;20px&#8220; text_line_height=&#8220;1.5em&#8220; text_font_size_tablet=&#8220;15px&#8220; text_font_size_phone=&#8220;15px&#8220; text_font_size_last_edited=&#8220;on|phone&#8220; custom_padding=&#8220;70px|70px|70px|70px|true|true&#8220; custom_padding_tablet=&#8220;20px|20px|20px|20px|true|true&#8220; custom_padding_phone=&#8220;20px|20px|20px|20px|true|true&#8220; custom_padding_last_edited=&#8220;on|phone&#8220;]<\/p>\n<h3>EIN URLAUB ZWISCHEN DER LIGURISCHEN RIVIERA UND DER C\u00d4TE D&#8217;AZUR.<\/h3>\n<p>Unser Reiseb\u00fcro freut sich daher, Ihnen eine Reihe von Tagesausfl\u00fcgen vorzuschlagen, die es Ihnen erm\u00f6glichen, die tausenden von Aspekten zu sch\u00e4tzen, die das au\u00dfergew\u00f6hnliche Freizeitangebot und die Gastfreundschaft unserer Region ausmachen. Die vorgeschlagenen Ausfl\u00fcge k\u00f6nnen auf Ihre Bed\u00fcrfnisse zugeschnitten werden: Sie k\u00f6nnen Transport, Eintrittsgelder f\u00fcr Museen und Sehensw\u00fcrdigkeiten, Weinproben und Verkostungen lokaler Produkte beinhalten und sind sowohl f\u00fcr Einzelreisende als auch f\u00fcr organisierte Gruppen geeignet. Sie k\u00f6nnen die einzelnen Ausfl\u00fcge direkt online \u00fcber das Formular auf der linken Seite buchen, aber z\u00f6gern Sie nicht, uns f\u00fcr weitere Informationen zu kontaktieren.<\/p>\n<p>[\/et_pb_text][\/et_pb_column][\/et_pb_row][\/et_pb_section][et_pb_section fb_built=&#8220;1&#8243; _builder_version=&#8220;4.27.7&#8243; custom_padding=&#8220;0px||0px||true|false&#8220;][et_pb_row column_structure=&#8220;4_4&#8243; _builder_version=&#8220;4.27.7&#8243; width=&#8220;100%&#8220; max_width=&#8220;100%&#8220; custom_padding=&#8220;0px||0px||true|false&#8220;][et_pb_column type=&#8220;4_4&#8243; _builder_version=&#8220;4.27.7&#8243;][et_pb_code _builder_version=&#8220;4.27.7&#8243;]<section id=\"logo-carousel\" class=\"splide itour-carosello\" aria-label=\"Erlebnis in Riviera\">\n\t<div class=\"wrap\">\n\t\t\t\t<h2>Erlebnis in Riviera<\/h2>\n\t\t\t\t\t\t<div class=\"splide__track\">\n\t\t\t<ul class=\"splide__list\">\n\t\t\t\t\t\t\t\t<li class=\"splide__slide\">\n\t\t\t\t\t<div class=\"immagine\" style=\"background-image: url(''); background-repeat: no-repeat; background-size: cover; min-height: 400px;\">\n\t\t\t\t\t\t<div class=\"titolo\"><h3>Aperitif in den carrugi von Sanremo: Sardenaira und Brandacujun<\/h3><\/div>\n\t\t\t\t\t\t<div class=\"riassunto\">\n\t\t\t\t\t\t\t<h3><p>Ein abendlicher Stopp zwischen den Gassen der Altstadt und den typischen Gerichten der Sanremo-K\u00fcche Wenn in den Gassen von La Pigna und der Altstadt die Lichter angehen, macht sich Sanremo bereit f\u00fcr den Aperitif. Dieses Erlebnis stellt zwei typische Gerichte der lokalen Tafel vor: Sardenaira, die mit Tomate, Sardellen und Oliven belegte Focaccia aus Sanremo, [&hellip;]<\/p>\n<\/h3>\n\t\t\t\t\t\t\t<div class=\"egoscopri\"><a href=\"https:\/\/itourriviera.it\/de\/aperitif-in-den-carrugi-von-sanremo\/\">Scopri di pi\u00f9<\/a><\/div>\n\t\t\t\t\t\t<\/div>\n\t\t\t\t\t\t<div class=\"trasparenza\"><\/div>\n\t\t\t\t\t<\/div>\n\t\t\t\t<\/li>\n\t\t\t\t\t\t\t\t<li class=\"splide__slide\">\n\t\t\t\t\t<div class=\"immagine\" style=\"background-image: url(''); background-repeat: no-repeat; background-size: cover; min-height: 400px;\">\n\t\t\t\t\t\t<div class=\"titolo\"><h3>Wanderung auf den Monte Bignone oberhalb von Sanremo<\/h3><\/div>\n\t\t\t\t\t\t<div class=\"riassunto\">\n\t\t\t\t\t\t\t<h3><p>W\u00e4lder, Wege und Riviera-Blicke nur einen Katzensprung vom Meer entfernt Nur wenige Kilometer vom Meer entfernt, hinter Sanremo, erhebt sich der Monte Bignone: 1.299 Meter, die im Sommer deutlich k\u00fchlere Luft bieten als die K\u00fcste und das ganze Jahr \u00fcber einen privilegierten Blick \u00fcber die gesamte Riviera dei Fiori. Ein Ausflug f\u00fcr alle, die nach [&hellip;]<\/p>\n<\/h3>\n\t\t\t\t\t\t\t<div class=\"egoscopri\"><a href=\"https:\/\/itourriviera.it\/de\/wanderung-monte-bignone-sanremo\/\">Scopri di pi\u00f9<\/a><\/div>\n\t\t\t\t\t\t<\/div>\n\t\t\t\t\t\t<div class=\"trasparenza\"><\/div>\n\t\t\t\t\t<\/div>\n\t\t\t\t<\/li>\n\t\t\t\t\t\t\t\t<li class=\"splide__slide\">\n\t\t\t\t\t<div class=\"immagine\" style=\"background-image: url(''); background-repeat: no-repeat; background-size: cover; min-height: 400px;\">\n\t\t\t\t\t\t<div class=\"titolo\"><h3>Food-Tour im historischen Zentrum von Sanremo<\/h3><\/div>\n\t\t\t\t\t\t<div class=\"riassunto\">\n\t\t\t\t\t\t\t<h3><p>Eine Geschmacksroute zwischen Traditionsl\u00e4den und Rezepten, die seit Generationen weitergegeben werden Zwischen Marktst\u00e4nden und den Schaufenstern der alten Gesch\u00e4fte erz\u00e4hlt das Zentrum von Sanremo seine Identit\u00e4t auch \u00fcber das Essen. Diese Food-Tour f\u00fchrt durch die Gassen der Altstadt und kostet Station f\u00fcr Station die Aromen der lokalen Tradition: von Sardenaira, der mit Tomate, Sardellen und [&hellip;]<\/p>\n<\/h3>\n\t\t\t\t\t\t\t<div class=\"egoscopri\"><a href=\"https:\/\/itourriviera.it\/de\/food-tour-historisches-zentrum-sanremo\/\">Scopri di pi\u00f9<\/a><\/div>\n\t\t\t\t\t\t<\/div>\n\t\t\t\t\t\t<div class=\"trasparenza\"><\/div>\n\t\t\t\t\t<\/div>\n\t\t\t\t<\/li>\n\t\t\t\t\t\t\t\t<li class=\"splide__slide\">\n\t\t\t\t\t<div class=\"immagine\" style=\"background-image: url(''); background-repeat: no-repeat; background-size: cover; min-height: 400px;\">\n\t\t\t\t\t\t<div class=\"titolo\"><h3>La Pigna: gef\u00fchrter Spaziergang im mittelalterlichen Herzen von Sanremo<\/h3><\/div>\n\t\t\t\t\t\t<div class=\"riassunto\">\n\t\t\t\t\t\t\t<h3><p>Spiralf\u00f6rmige Gassen, Legenden und Ausblicke in einem Viertel, das die Jahrhunderte \u00fcberstanden hat Vom Meer hinauf zum H\u00fcgel werden die Stra\u00dfen von Sanremo immer enger, winden sich umeinander und zeichnen eine Spirale, die bis zum Gipfel f\u00fchrt: Das ist La Pigna, der mittelalterliche Kern der Stadt und einer der am besten erhaltenen der gesamten Riviera. [&hellip;]<\/p>\n<\/h3>\n\t\t\t\t\t\t\t<div class=\"egoscopri\"><a href=\"https:\/\/itourriviera.it\/de\/gefuehrte-tour-la-pigna-sanremo\/\">Scopri di pi\u00f9<\/a><\/div>\n\t\t\t\t\t\t<\/div>\n\t\t\t\t\t\t<div class=\"trasparenza\"><\/div>\n\t\t\t\t\t<\/div>\n\t\t\t\t<\/li>\n\t\t\t\t\t\t\t\t<li class=\"splide__slide\">\n\t\t\t\t\t<div class=\"immagine\" style=\"background-image: url('https:\/\/itourriviera.it\/wp-content\/uploads\/2025\/01\/cioccolato-experience-1024x640.jpg'); background-repeat: no-repeat; background-size: cover; min-height: 400px;\">\n\t\t\t\t\t\t<div class=\"titolo\"><h3>Schokoladenerlebnis an der C\u00f4te d\u2019Azur<\/h3><\/div>\n\t\t\t\t\t\t<div class=\"riassunto\">\n\t\t\t\t\t\t\t<h3><p>G\u00f6nnen Sie sich einen Tag, um die Geschichte, die Aromen und die Kunst der Schokoladenherstellung an der C\u00f4te d\u2019Azur zu entdecken.<\/p>\n<\/h3>\n\t\t\t\t\t\t\t<div class=\"egoscopri\"><a href=\"https:\/\/itourriviera.it\/de\/schokoladenerlebnis-an-der-cote-dazur\/\">Scopri di pi\u00f9<\/a><\/div>\n\t\t\t\t\t\t<\/div>\n\t\t\t\t\t\t<div class=\"trasparenza\"><\/div>\n\t\t\t\t\t<\/div>\n\t\t\t\t<\/li>\n\t\t\t\t\t\t\t<\/ul>\n\t\t<\/div>\n\t<\/div>\n<\/section>\n\t[\/et_pb_code][\/et_pb_column][\/et_pb_row][\/et_pb_section][et_pb_section fb_built=&#8220;1&#8243; _builder_version=&#8220;4.27.7&#8243; custom_padding=&#8220;0px||0px||true|false&#8220;][et_pb_row column_structure=&#8220;4_4&#8243; _builder_version=&#8220;4.27.7&#8243; width=&#8220;100%&#8220; max_width=&#8220;100%&#8220; custom_padding=&#8220;0px||0px||true|false&#8220;][et_pb_column type=&#8220;4_4&#8243; _builder_version=&#8220;4.27.7&#8243;][et_pb_code _builder_version=&#8220;4.27.7&#8243;]<section id=\"logo-carousel2\" class=\"splide itour-carosello\" aria-label=\"Erlebnis in Ligurien\">\n\t<div class=\"wrap\">\n\t\t\t\t<h2>Erlebnis in Ligurien<\/h2>\n\t\t\t\t\t\t<div class=\"splide__track\">\n\t\t\t<ul class=\"splide__list\">\n\t\t\t\t\t\t\t\t<li class=\"splide__slide\">\n\t\t\t\t\t<div class=\"immagine\" style=\"background-image: url('https:\/\/itourriviera.it\/wp-content\/uploads\/2023\/09\/sophie-laurent-TAkpcOEByIE-unsplash-1024x768.jpg'); background-repeat: no-repeat; background-size: cover; min-height: 400px;\">\n\t\t\t\t\t\t<div class=\"titolo\"><h3>Essens &#038; Wein Tour von Langhe und der Riviera<\/h3><\/div>\n\t\t\t\t\t\t<div class=\"riassunto\">\n\t\t\t\t\t\t\t<h3><p>In dieser Woche k\u00f6nnen Sie die Spezialit\u00e4ten der piemontesischen Landk\u00fcche und der ligurischen Meeresk\u00fcche genie\u00dfen, eine Kombination von Aromen und D\u00fcften, wie sie nur die italienische K\u00fcche bieten kann.<\/p>\n<\/h3>\n\t\t\t\t\t\t\t<div class=\"egoscopri\"><a href=\"https:\/\/itourriviera.it\/de\/essens-wein-tour-von-langhe-und-der-riviera\/\">Scopri di pi\u00f9<\/a><\/div>\n\t\t\t\t\t\t<\/div>\n\t\t\t\t\t\t<div class=\"trasparenza\"><\/div>\n\t\t\t\t\t<\/div>\n\t\t\t\t<\/li>\n\t\t\t\t\t\t\t\t<li class=\"splide__slide\">\n\t\t\t\t\t<div class=\"immagine\" style=\"background-image: url('https:\/\/itourriviera.it\/wp-content\/uploads\/2023\/09\/sung-jin-cho-Y385ogps3-E-unsplash-1024x683.jpg'); background-repeat: no-repeat; background-size: cover; min-height: 400px;\">\n\t\t\t\t\t\t<div class=\"titolo\"><h3>Cinque Terre \u2013 zwischen Himmel und Meer<\/h3><\/div>\n\t\t\t\t\t\t<div class=\"riassunto\">\n\t\t\t\t\t\t\t<h3><p>Die Tour durch den Nationalpark Cinque Terre beinhaltet einen Ausflug zu den St\u00e4dten des UNESCO-Weltkulturerbes und mehr. Wenn Sie dieses Urlaubspaket buchen, k\u00f6nnen Sie auch die attraktivsten touristischen Ziele an der ligurischen Riviera di Levante und dem Golf von Tigullio besuchen.<\/p>\n<\/h3>\n\t\t\t\t\t\t\t<div class=\"egoscopri\"><a href=\"https:\/\/itourriviera.it\/de\/cinque-terre-zwischen-himmel-und-meer\/\">Scopri di pi\u00f9<\/a><\/div>\n\t\t\t\t\t\t<\/div>\n\t\t\t\t\t\t<div class=\"trasparenza\"><\/div>\n\t\t\t\t\t<\/div>\n\t\t\t\t<\/li>\n\t\t\t\t\t\t\t\t<li class=\"splide__slide\">\n\t\t\t\t\t<div class=\"immagine\" style=\"background-image: url('https:\/\/itourriviera.it\/wp-content\/uploads\/2023\/09\/anders-jilden-cYrMQA7a3Wc-unsplash-1024x683.jpg'); background-repeat: no-repeat; background-size: cover; min-height: 400px;\">\n\t\t\t\t\t\t<div class=\"titolo\"><h3>Genua und Portofino Tour<\/h3><\/div>\n\t\t\t\t\t\t<div class=\"riassunto\">\n\t\t\t\t\t\t\t<h3><p>Die Tour von Genua und Portofino beinhaltet einen Ausflug in die Seerepubliken f\u00fcr Gruppenreisen, um die sch\u00f6nsten touristischen Attraktionen Liguriens wie das Aquarium von Genua, das Meeresmuseum Galata und das Schloss Brown in Portofino zu entdecken.<\/p>\n<\/h3>\n\t\t\t\t\t\t\t<div class=\"egoscopri\"><a href=\"https:\/\/itourriviera.it\/de\/genua-und-portofino-tour\/\">Scopri di pi\u00f9<\/a><\/div>\n\t\t\t\t\t\t<\/div>\n\t\t\t\t\t\t<div class=\"trasparenza\"><\/div>\n\t\t\t\t\t<\/div>\n\t\t\t\t<\/li>\n\t\t\t\t\t\t\t\t<li class=\"splide__slide\">\n\t\t\t\t\t<div class=\"immagine\" style=\"background-image: url('https:\/\/itourriviera.it\/wp-content\/uploads\/2011\/11\/belinda-fewings-kyRvCJEhbtQ-unsplash-1024x768.jpg'); background-repeat: no-repeat; background-size: cover; min-height: 400px;\">\n\t\t\t\t\t\t<div class=\"titolo\"><h3>Genua, Hauptstadt Liguriens<\/h3><\/div>\n\t\t\t\t\t\t<div class=\"riassunto\">\n\t\t\t\t\t\t\t<h3><p>Auf unserem Ausflug nach Genua haben sie Gelegenheit dazu die wahre Gr\u00f6\u00dfe der maritimen Republik zu entdecken. Von der Geschichte der gro\u00dfen Pal\u00e4ste auf der Barockzeit, bis hin zur modernen Architektur des antiken Hafens.<\/p>\n<\/h3>\n\t\t\t\t\t\t\t<div class=\"egoscopri\"><a href=\"https:\/\/itourriviera.it\/de\/genua-hauptstadt-liguriens\/\">Scopri di pi\u00f9<\/a><\/div>\n\t\t\t\t\t\t<\/div>\n\t\t\t\t\t\t<div class=\"trasparenza\"><\/div>\n\t\t\t\t\t<\/div>\n\t\t\t\t<\/li>\n\t\t\t\t\t\t\t<\/ul>\n\t\t<\/div>\n\t<\/div>\n<\/section>\n\t[\/et_pb_code][\/et_pb_column][\/et_pb_row][\/et_pb_section][et_pb_section fb_built=&#8220;1&#8243; _builder_version=&#8220;4.27.7&#8243; custom_padding=&#8220;0px||0px||true|false&#8220;][et_pb_row column_structure=&#8220;4_4&#8243; _builder_version=&#8220;4.27.7&#8243; width=&#8220;100%&#8220; max_width=&#8220;100%&#8220; custom_padding=&#8220;0px||0px||true|false&#8220;][et_pb_column type=&#8220;4_4&#8243; _builder_version=&#8220;4.27.7&#8243;][et_pb_code _builder_version=&#8220;4.27.7&#8243;]<section id=\"logo-carousel3\" class=\"splide itour-carosello\" aria-label=\"Erlebnis in Frankreich\">\n\t<div class=\"wrap\">\n\t\t\t\t<h2>Erlebnis in Frankreich<\/h2>\n\t\t\t\t\t\t<div class=\"splide__track\">\n\t\t\t<ul class=\"splide__list\">\n\t\t\t\t\t\t\t\t<li class=\"splide__slide\">\n\t\t\t\t\t<div class=\"immagine\" style=\"background-image: url('https:\/\/itourriviera.it\/wp-content\/uploads\/2025\/01\/cioccolato-experience-1024x640.jpg'); background-repeat: no-repeat; background-size: cover; min-height: 400px;\">\n\t\t\t\t\t\t<div class=\"titolo\"><h3>Schokoladenerlebnis an der C\u00f4te d\u2019Azur<\/h3><\/div>\n\t\t\t\t\t\t<div class=\"riassunto\">\n\t\t\t\t\t\t\t<h3><p>G\u00f6nnen Sie sich einen Tag, um die Geschichte, die Aromen und die Kunst der Schokoladenherstellung an der C\u00f4te d\u2019Azur zu entdecken.<\/p>\n<\/h3>\n\t\t\t\t\t\t\t<div class=\"egoscopri\"><a href=\"https:\/\/itourriviera.it\/de\/schokoladenerlebnis-an-der-cote-dazur\/\">Scopri di pi\u00f9<\/a><\/div>\n\t\t\t\t\t\t<\/div>\n\t\t\t\t\t\t<div class=\"trasparenza\"><\/div>\n\t\t\t\t\t<\/div>\n\t\t\t\t<\/li>\n\t\t\t\t\t\t\t\t<li class=\"splide__slide\">\n\t\t\t\t\t<div class=\"immagine\" style=\"background-image: url('https:\/\/itourriviera.it\/wp-content\/uploads\/2023\/09\/leonard-cotte-c1Jp-fo53U8-unsplash-1024x683.jpg'); background-repeat: no-repeat; background-size: cover; min-height: 400px;\">\n\t\t\t\t\t\t<div class=\"titolo\"><h3>Kulturelle Rundg\u00e4nge in Marseille und der Provence<\/h3><\/div>\n\t\t\t\t\t\t<div class=\"riassunto\">\n\t\t\t\t\t\t\t<h3><p>Nutzen Sie die organisierten Reisen nach Marseille und in die Provence, um die sch\u00f6nsten Reiseziele in S\u00fcdfrankreich zu besuchen.<\/p>\n<\/h3>\n\t\t\t\t\t\t\t<div class=\"egoscopri\"><a href=\"https:\/\/itourriviera.it\/de\/kulturelle-rundgaenge-in-marseille-und-der-provence\/\">Scopri di pi\u00f9<\/a><\/div>\n\t\t\t\t\t\t<\/div>\n\t\t\t\t\t\t<div class=\"trasparenza\"><\/div>\n\t\t\t\t\t<\/div>\n\t\t\t\t<\/li>\n\t\t\t\t\t\t\t\t<li class=\"splide__slide\">\n\t\t\t\t\t<div class=\"immagine\" style=\"background-image: url('https:\/\/itourriviera.it\/wp-content\/uploads\/2023\/09\/monet-a-view-of-bordighera-0.jpg'); background-repeat: no-repeat; background-size: cover; min-height: 400px;\">\n\t\t\t\t\t\t<div class=\"titolo\"><h3>Gro\u00dfe K\u00fcnstler in der Riviera<\/h3><\/div>\n\t\t\t\t\t\t<div class=\"riassunto\">\n\t\t\t\t\t\t\t<h3><p>Das strahlende Licht und die leuchtenden Farben des Mittelmeers zogen die gro\u00dfen Maler des 20. Jahrhunderts an, und mit dieser Autorenreise schlagen wir Ihnen vor, an zauberhaften Orten in ihre Fu\u00dfstapfen zu treten.<\/p>\n<\/h3>\n\t\t\t\t\t\t\t<div class=\"egoscopri\"><a href=\"https:\/\/itourriviera.it\/de\/grosse-kuenstler-in-der-riviera\/\">Scopri di pi\u00f9<\/a><\/div>\n\t\t\t\t\t\t<\/div>\n\t\t\t\t\t\t<div class=\"trasparenza\"><\/div>\n\t\t\t\t\t<\/div>\n\t\t\t\t<\/li>\n\t\t\t\t\t\t\t\t<li class=\"splide__slide\">\n\t\t\t\t\t<div class=\"immagine\" style=\"background-image: url('https:\/\/itourriviera.it\/wp-content\/uploads\/2023\/09\/victoria-alexandrova-n56ZKeW9bVM-unsplash-1024x683.jpg'); background-repeat: no-repeat; background-size: cover; min-height: 400px;\">\n\t\t\t\t\t\t<div class=\"titolo\"><h3>Gourmet- und Weintour auf den Spuren von Athena und Dioniso<\/h3><\/div>\n\t\t\t\t\t\t<div class=\"riassunto\">\n\t\t\t\t\t\t\t<h3><p>Wenn Sie neugierig auf die kulinarischen Spezialit\u00e4ten Liguriens sind, sollten Sie sich dieses Gruppenangebot ansehen, bei dem die Verkostung typischer Produkte und lokaler Weine, die Besichtigung von Weinkellern und \u00d6lm\u00fchlen sowie Ausfl\u00fcge in die St\u00e4dte der ligurischen Riviera und der C\u00f4te d&#8217;Azur im Mittelpunkt stehen, mit der M\u00f6glichkeit, in Hotels zu \u00fcbernachten und in Restaurants zu essen.<\/p>\n<\/h3>\n\t\t\t\t\t\t\t<div class=\"egoscopri\"><a href=\"https:\/\/itourriviera.it\/de\/gourmet-und-weintour-auf-den-spuren-von-athena-und-dioniso\/\">Scopri di pi\u00f9<\/a><\/div>\n\t\t\t\t\t\t<\/div>\n\t\t\t\t\t\t<div class=\"trasparenza\"><\/div>\n\t\t\t\t\t<\/div>\n\t\t\t\t<\/li>\n\t\t\t\t\t\t\t\t<li class=\"splide__slide\">\n\t\t\t\t\t<div class=\"immagine\" style=\"background-image: url('https:\/\/itourriviera.it\/wp-content\/uploads\/2023\/09\/sebastien-jermer-Oo3jbnStg6g-unsplash-1024x768.jpg'); background-repeat: no-repeat; background-size: cover; min-height: 400px;\">\n\t\t\t\t\t\t<div class=\"titolo\"><h3>Essens- und Weinreise in der Provence<\/h3><\/div>\n\t\t\t\t\t\t<div class=\"riassunto\">\n\t\t\t\t\t\t\t<h3><p>Die bezaubernde Landschaft der Provence ist der Rahmen f\u00fcr eine organisierte Gruppenreise durch D\u00f6rfer und historische St\u00e4dte zur Entdeckung von kulinarischen und weinbaulichen Traditionen voller Entdeckungen und Verlockungen.<\/p>\n<\/h3>\n\t\t\t\t\t\t\t<div class=\"egoscopri\"><a href=\"https:\/\/itourriviera.it\/de\/essens-und-weinreise-in-der-provence\/\">Scopri di pi\u00f9<\/a><\/div>\n\t\t\t\t\t\t<\/div>\n\t\t\t\t\t\t<div class=\"trasparenza\"><\/div>\n\t\t\t\t\t<\/div>\n\t\t\t\t<\/li>\n\t\t\t\t\t\t\t<\/ul>\n\t\t<\/div>\n\t<\/div>\n<\/section>\n\t[\/et_pb_code][\/et_pb_column][\/et_pb_row][\/et_pb_section][et_pb_section fb_built=&#8220;1&#8243; _builder_version=&#8220;4.27.7&#8243; custom_padding=&#8220;0px||0px||true|false&#8220;][et_pb_row column_structure=&#8220;4_4&#8243; _builder_version=&#8220;4.27.7&#8243; width=&#8220;100%&#8220; max_width=&#8220;100%&#8220; custom_padding=&#8220;0px||0px||true|false&#8220;][et_pb_column type=&#8220;4_4&#8243; _builder_version=&#8220;4.27.7&#8243;][et_pb_code _builder_version=&#8220;4.27.7&#8243;]<section id=\"logo-carousel4\" class=\"splide itour-carosello\" aria-label=\"Erlebnis im Piemont\">\n\t<div class=\"wrap\">\n\t\t\t\t<h2>Erlebnis im Piemont<\/h2>\n\t\t\t\t\t\t<div class=\"splide__track\">\n\t\t\t<ul class=\"splide__list\">\n\t\t\t\t\t\t\t\t<li class=\"splide__slide\">\n\t\t\t\t\t<div class=\"immagine\" style=\"background-image: url('https:\/\/itourriviera.it\/wp-content\/uploads\/2023\/09\/sophie-laurent-TAkpcOEByIE-unsplash-1024x768.jpg'); background-repeat: no-repeat; background-size: cover; min-height: 400px;\">\n\t\t\t\t\t\t<div class=\"titolo\"><h3>Essens &#038; Wein Tour von Langhe und der Riviera<\/h3><\/div>\n\t\t\t\t\t\t<div class=\"riassunto\">\n\t\t\t\t\t\t\t<h3><p>In dieser Woche k\u00f6nnen Sie die Spezialit\u00e4ten der piemontesischen Landk\u00fcche und der ligurischen Meeresk\u00fcche genie\u00dfen, eine Kombination von Aromen und D\u00fcften, wie sie nur die italienische K\u00fcche bieten kann.<\/p>\n<\/h3>\n\t\t\t\t\t\t\t<div class=\"egoscopri\"><a href=\"https:\/\/itourriviera.it\/de\/essens-wein-tour-von-langhe-und-der-riviera\/\">Scopri di pi\u00f9<\/a><\/div>\n\t\t\t\t\t\t<\/div>\n\t\t\t\t\t\t<div class=\"trasparenza\"><\/div>\n\t\t\t\t\t<\/div>\n\t\t\t\t<\/li>\n\t\t\t\t\t\t\t\t<li class=\"splide__slide\">\n\t\t\t\t\t<div class=\"immagine\" style=\"background-image: url('https:\/\/itourriviera.it\/wp-content\/uploads\/2023\/09\/emre-9SDh6PF2g_U-unsplash-1024x683.jpg'); background-repeat: no-repeat; background-size: cover; min-height: 400px;\">\n\t\t\t\t\t\t<div class=\"titolo\"><h3>Tr\u00fcffel und Oliven\u00f6l<\/h3><\/div>\n\t\t\t\t\t\t<div class=\"riassunto\">\n\t\t\t\t\t\t\t<h3><p>Diese Woche nehmen wir Sie mit auf eine Entdeckungsreise durch die Exzellenz der italienischen K\u00fcche: den wei\u00dfen Tr\u00fcffel aus Alba und das neue Taggiasca-Oliven\u00f6l von der ligurischen Riviera.<\/p>\n<\/h3>\n\t\t\t\t\t\t\t<div class=\"egoscopri\"><a href=\"https:\/\/itourriviera.it\/de\/trueffel-und-olivenoel\/\">Scopri di pi\u00f9<\/a><\/div>\n\t\t\t\t\t\t<\/div>\n\t\t\t\t\t\t<div class=\"trasparenza\"><\/div>\n\t\t\t\t\t<\/div>\n\t\t\t\t<\/li>\n\t\t\t\t\t\t\t\t<li class=\"splide__slide\">\n\t\t\t\t\t<div class=\"immagine\" style=\"background-image: url('https:\/\/itourriviera.it\/wp-content\/uploads\/2023\/09\/juan-gomez-sE6ihVGSd1Q-unsplash-1024x679.jpg'); background-repeat: no-repeat; background-size: cover; min-height: 400px;\">\n\t\t\t\t\t\t<div class=\"titolo\"><h3>Kochkurs \u2013 ligurische und piemontesische K\u00fcche<\/h3><\/div>\n\t\t\t\t\t\t<div class=\"riassunto\">\n\t\t\t\t\t\t\t<h3><p>In dieser Woche k\u00f6nnen Sie die traditionellen Gerichte der ligurischen und piemontesischen K\u00fcche kennen lernen und in unseren ausgew\u00e4hlten Kochschulen lernen, wie man sie pers\u00f6nlich zubereitet.<\/p>\n<\/h3>\n\t\t\t\t\t\t\t<div class=\"egoscopri\"><a href=\"https:\/\/itourriviera.it\/de\/kochkurs-ligurische-und-piemontesische-kueche\/\">Scopri di pi\u00f9<\/a><\/div>\n\t\t\t\t\t\t<\/div>\n\t\t\t\t\t\t<div class=\"trasparenza\"><\/div>\n\t\t\t\t\t<\/div>\n\t\t\t\t<\/li>\n\t\t\t\t\t\t\t\t<li class=\"splide__slide\">\n\t\t\t\t\t<div class=\"immagine\" style=\"background-image: url('https:\/\/itourriviera.it\/wp-content\/uploads\/2023\/09\/franz-republic-tUD7dpoNhdQ-unsplash-1024x768.jpg'); background-repeat: no-repeat; background-size: cover; min-height: 400px;\">\n\t\t\t\t\t\t<div class=\"titolo\"><h3>Speisen und Weine im Langhe Tal<\/h3><\/div>\n\t\t\t\t\t\t<div class=\"riassunto\">\n\t\t\t\t\t\t\t<h3><p>Das Angebot &#8222;Enogastronomie in den Langhe&#8220; umfasst eine kulinarische und weinkundliche Tour durch das Piemont mit Weinbergen, Weing\u00fctern und Weinhandlungen.<\/p>\n<\/h3>\n\t\t\t\t\t\t\t<div class=\"egoscopri\"><a href=\"https:\/\/itourriviera.it\/de\/speisen-und-weine-im-langhe-tal\/\">Scopri di pi\u00f9<\/a><\/div>\n\t\t\t\t\t\t<\/div>\n\t\t\t\t\t\t<div class=\"trasparenza\"><\/div>\n\t\t\t\t\t<\/div>\n\t\t\t\t<\/li>\n\t\t\t\t\t\t\t\t<li class=\"splide__slide\">\n\t\t\t\t\t<div class=\"immagine\" style=\"background-image: url('https:\/\/itourriviera.it\/wp-content\/uploads\/2013\/07\/serravalle-outlet-village.jpg'); background-repeat: no-repeat; background-size: cover; min-height: 400px;\">\n\t\t\t\t\t\t<div class=\"titolo\"><h3>Serravalle Designer Outlet<\/h3><\/div>\n\t\t\t\t\t\t<div class=\"riassunto\">\n\t\t\t\t\t\t\t<h3><p>Eine unvergleichliche Shopping-M\u00f6glichkeit f\u00fcr diejenige, die die italienische Couture zu sch\u00e4tzen wissen. Im Mc Arthur Glen\u2019s Designer Shoppin Outlet finden Sie\u00a0 Mode made in Italy.<\/p>\n<\/h3>\n\t\t\t\t\t\t\t<div class=\"egoscopri\"><a href=\"https:\/\/itourriviera.it\/de\/serravalle-designer-outlet\/\">Scopri di pi\u00f9<\/a><\/div>\n\t\t\t\t\t\t<\/div>\n\t\t\t\t\t\t<div class=\"trasparenza\"><\/div>\n\t\t\t\t\t<\/div>\n\t\t\t\t<\/li>\n\t\t\t\t\t\t\t<\/ul>\n\t\t<\/div>\n\t<\/div>\n<\/section>\n\t[\/et_pb_code][\/et_pb_column][\/et_pb_row][\/et_pb_section][et_pb_section fb_built=&#8220;1&#8243; _builder_version=&#8220;4.27.7&#8243; custom_padding=&#8220;0px||0px||true|false&#8220;][et_pb_row column_structure=&#8220;4_4&#8243; _builder_version=&#8220;4.27.7&#8243; width=&#8220;100%&#8220; max_width=&#8220;100%&#8220; custom_padding=&#8220;0px||0px||true|false&#8220;][et_pb_column type=&#8220;4_4&#8243; _builder_version=&#8220;4.27.7&#8243;][et_pb_code _builder_version=&#8220;4.27.7&#8243;]<div class=\"bloccoonde\">\n\t<div class=\"bloccoondetop\"><\/div>\n\t<div class=\"bloccoondebottom\"><\/div>\n\t<div class=\"bloccoondewrap\">\n\t\t<h3>Scopri anche<\/h3>\n\t\t<div class=\"splide\" id=\"carosello-scopri-anche\">\n\t\t\t<div class=\"splide__track\">\n\t\t\t\t<ul class=\"splide__list\">\n\t\t\t\t\t\t\t\t\t\t<li class=\"splide__slide\">\n\t\t\t\t\t\t<div class=\"scoprianche-item\">\n\t\t\t\t\t\t\t<div class=\"scoprianche-logo\">\n\t\t\t\t\t\t\t\t<img decoding=\"async\" src=\"https:\/\/itourriviera.it\/wp-content\/uploads\/2024\/12\/itourliguria-logo.png\" alt=\"\">\n\t\t\t\t\t\t\t<\/div>\n\t\t\t\t\t\t\t<div class=\"scoprianche-image\">\n\t\t\t\t\t\t\t\t<a href=\"https:\/\/itourliguria.it\/\" target=\"_blank\" rel=\"noopener\">\n\t\t\t\t\t\t\t\t\t<img decoding=\"async\" src=\"https:\/\/itourprovenza.it\/wp-content\/uploads\/2023\/04\/img-itourliguria.jpg\" alt=\"\">\n\t\t\t\t\t\t\t\t<\/a>\n\t\t\t\t\t\t\t<\/div>\n\t\t\t\t\t\t<\/div>\n\t\t\t\t\t<\/li>\n\t\t\t\t\t\t\t\t\t\t<li class=\"splide__slide\">\n\t\t\t\t\t\t<div class=\"scoprianche-item\">\n\t\t\t\t\t\t\t<div class=\"scoprianche-logo\">\n\t\t\t\t\t\t\t\t<img decoding=\"async\" src=\"https:\/\/itourriviera.it\/wp-content\/uploads\/2024\/12\/itourcostaazzurra-logo.png\" alt=\"\">\n\t\t\t\t\t\t\t<\/div>\n\t\t\t\t\t\t\t<div class=\"scoprianche-image\">\n\t\t\t\t\t\t\t\t<a href=\"https:\/\/itourcostaazzurra.it\/\" target=\"_blank\" rel=\"noopener\">\n\t\t\t\t\t\t\t\t\t<img decoding=\"async\" src=\"https:\/\/itourriviera.it\/wp-content\/uploads\/2026\/05\/img-costazzurra.jpg\" alt=\"\">\n\t\t\t\t\t\t\t\t<\/a>\n\t\t\t\t\t\t\t<\/div>\n\t\t\t\t\t\t<\/div>\n\t\t\t\t\t<\/li>\n\t\t\t\t\t\t\t\t\t\t<li class=\"splide__slide\">\n\t\t\t\t\t\t<div class=\"scoprianche-item\">\n\t\t\t\t\t\t\t<div class=\"scoprianche-logo\">\n\t\t\t\t\t\t\t\t<img decoding=\"async\" src=\"https:\/\/itourriviera.it\/wp-content\/uploads\/2024\/12\/itourprovenza-logo-1.png\" alt=\"\">\n\t\t\t\t\t\t\t<\/div>\n\t\t\t\t\t\t\t<div class=\"scoprianche-image\">\n\t\t\t\t\t\t\t\t<a href=\"https:\/\/itourprovenza.it\/\" target=\"_blank\" rel=\"noopener\">\n\t\t\t\t\t\t\t\t\t<img decoding=\"async\" src=\"https:\/\/itourriviera.it\/wp-content\/uploads\/2026\/05\/img-itourprovence.jpg\" alt=\"\">\n\t\t\t\t\t\t\t\t<\/a>\n\t\t\t\t\t\t\t<\/div>\n\t\t\t\t\t\t<\/div>\n\t\t\t\t\t<\/li>\n\t\t\t\t\t\t\t\t\t<\/ul>\n\t\t\t<\/div>\n\t\t<\/div>\n\t<\/div>\n<\/div>\n\t[\/et_pb_code][\/et_pb_column][\/et_pb_row][\/et_pb_section]<\/p>\n","protected":false},"excerpt":{"rendered":"<p>[et_pb_section fb_built=&#8220;1&#8243; _builder_version=&#8220;4.27.7&#8243; custom_padding=&#8220;0px||0px||true|false&#8220;][et_pb_row column_structure=&#8220;4_4&#8243; _builder_version=&#8220;4.27.7&#8243; width=&#8220;100%&#8220; max_width=&#8220;100%&#8220; custom_padding=&#8220;0px||0px||true|false&#8220;][et_pb_column type=&#8220;4_4&#8243; _builder_version=&#8220;4.27.7&#8243;][et_pb_code _builder_version=&#8220;4.27.7&#8243;][\/et_pb_code][\/et_pb_column][\/et_pb_row][\/et_pb_section][et_pb_section fb_built=&#8220;1&#8243; _builder_version=&#8220;4.27.7&#8243; custom_padding=&#8220;0px||0px||true|false&#8220;][et_pb_row column_structure=&#8220;4_4&#8243; _builder_version=&#8220;4.27.7&#8243; width=&#8220;80%&#8220; max_width=&#8220;80%&#8220; custom_padding=&#8220;30px||30px||true|false&#8220;][et_pb_column type=&#8220;4_4&#8243; _builder_version=&#8220;4.27.7&#8243;][et_pb_text _builder_version=&#8220;4.27.7&#8243;] Ausfl\u00fcge und Erlebnisse zwischen der ligurischen Riviera und der C\u00f4te d&#8217;Azur, dem Piemont und der Provence Unser Reiseb\u00fcro bietet Ihnen eine Reihe von Tagesausfl\u00fcgen nach Ligurien und an die C\u00f4te d&#8217;Azur, die [&hellip;]<\/p>\n","protected":false},"author":25,"featured_media":0,"parent":0,"menu_order":0,"comment_status":"closed","ping_status":"closed","template":"","meta":{"_et_pb_use_builder":"on","_et_pb_old_content":"<h1>Tagesausfl\u00fcge und Erlebnisse zwischen italienischer Riviera und C\u00f4te d'Azur<\/h1>","_et_gb_content_width":"","footnotes":""},"class_list":["post-17971","page","type-page","status-publish","hentry"],"yoast_head":"<!-- This site is optimized with the Yoast SEO plugin v28.4 - https:\/\/yoast.com\/product\/yoast-seo-wordpress\/ -->\n<title>Tagesausfl\u00fcge Riviera &amp; C\u00f4te d&#039;Azur | iTour Riviera<\/title>\n<meta name=\"description\" content=\"Tagesausfl\u00fcge zwischen italienischer und franz\u00f6sischer Riviera: historische D\u00f6rfer, Wein &amp; Genuss, Genua, Portofino, Monte-Carlo. Jetzt anfragen.\" \/>\n<meta name=\"robots\" content=\"index, follow, max-snippet:-1, max-image-preview:large, max-video-preview:-1\" \/>\n<link rel=\"canonical\" href=\"https:\/\/itourriviera.it\/de\/\" \/>\n<meta property=\"og:locale\" content=\"de_DE\" \/>\n<meta property=\"og:type\" content=\"article\" \/>\n<meta property=\"og:title\" content=\"Tagesausfl\u00fcge Riviera &amp; C\u00f4te d&#039;Azur | iTour Riviera\" \/>\n<meta property=\"og:description\" content=\"Tagesausfl\u00fcge zwischen italienischer und franz\u00f6sischer Riviera: historische D\u00f6rfer, Wein &amp; Genuss, Genua, Portofino, Monte-Carlo. Jetzt anfragen.\" \/>\n<meta property=\"og:url\" content=\"https:\/\/itourriviera.it\/de\/\" \/>\n<meta property=\"og:site_name\" content=\"iTour RIVIERA D.M.C.\" \/>\n<meta property=\"article:modified_time\" content=\"2026-08-31T15:53:26+00:00\" \/>\n<meta property=\"og:image\" content=\"https:\/\/itourriviera.it\/wp-content\/uploads\/2026\/05\/img-costazzurra.jpg\" \/>\n\t<meta property=\"og:image:width\" content=\"817\" \/>\n\t<meta property=\"og:image:height\" content=\"444\" \/>\n\t<meta property=\"og:image:type\" content=\"image\/jpeg\" \/>\n<meta name=\"twitter:card\" content=\"summary_large_image\" \/>\n<meta name=\"twitter:title\" content=\"Tagesausfl\u00fcge Riviera &amp; C\u00f4te d&#039;Azur | iTour Riviera\" \/>\n<meta name=\"twitter:description\" content=\"Tagesausfl\u00fcge zwischen italienischer und franz\u00f6sischer Riviera: historische D\u00f6rfer, Wein &amp; Genuss, Genua, Portofino, Monte-Carlo. Jetzt anfragen.\" \/>\n<meta name=\"twitter:image\" content=\"https:\/\/itourriviera.it\/wp-content\/uploads\/2026\/05\/img-costazzurra.jpg\" \/>\n<meta name=\"twitter:label1\" content=\"Gesch\u00e4tzte Lesezeit\" \/>\n\t<meta name=\"twitter:data1\" content=\"1\u00a0Minute\" \/>\n<script type=\"application\/ld+json\" class=\"yoast-schema-graph\">{\"@context\":\"https:\\\/\\\/schema.org\",\"@graph\":[{\"@type\":\"WebPage\",\"@id\":\"https:\\\/\\\/itourriviera.it\\\/de\\\/\",\"url\":\"https:\\\/\\\/itourriviera.it\\\/de\\\/\",\"name\":\"Tagesausfl\u00fcge Riviera & C\u00f4te d'Azur | iTour Riviera\",\"isPartOf\":{\"@id\":\"https:\\\/\\\/itourriviera.it\\\/de\\\/#website\"},\"datePublished\":\"2024-05-28T10:02:49+00:00\",\"dateModified\":\"2026-08-31T15:53:26+00:00\",\"description\":\"Tagesausfl\u00fcge zwischen italienischer und franz\u00f6sischer Riviera: historische D\u00f6rfer, Wein & Genuss, Genua, Portofino, Monte-Carlo. Jetzt anfragen.\",\"breadcrumb\":{\"@id\":\"https:\\\/\\\/itourriviera.it\\\/de\\\/#breadcrumb\"},\"inLanguage\":\"de\",\"potentialAction\":[{\"@type\":\"ReadAction\",\"target\":[\"https:\\\/\\\/itourriviera.it\\\/de\\\/\"]}]},{\"@type\":\"BreadcrumbList\",\"@id\":\"https:\\\/\\\/itourriviera.it\\\/de\\\/#breadcrumb\",\"itemListElement\":[{\"@type\":\"ListItem\",\"position\":1,\"name\":\"Home\",\"item\":\"https:\\\/\\\/itourriviera.it\\\/de\\\/itour\\\/\"},{\"@type\":\"ListItem\",\"position\":2,\"name\":\"Itour\"}]},{\"@type\":\"WebSite\",\"@id\":\"https:\\\/\\\/itourriviera.it\\\/de\\\/#website\",\"url\":\"https:\\\/\\\/itourriviera.it\\\/de\\\/\",\"name\":\"iTour RIVIERA D.M.C.\",\"description\":\"EXPERIENCES ON ITALIAN AND FRENCH RIVIERA\",\"publisher\":{\"@id\":\"https:\\\/\\\/itourriviera.it\\\/de\\\/#organization\"},\"potentialAction\":[{\"@type\":\"SearchAction\",\"target\":{\"@type\":\"EntryPoint\",\"urlTemplate\":\"https:\\\/\\\/itourriviera.it\\\/de\\\/?s={search_term_string}\"},\"query-input\":{\"@type\":\"PropertyValueSpecification\",\"valueRequired\":true,\"valueName\":\"search_term_string\"}}],\"inLanguage\":\"de\"},{\"@type\":\"Organization\",\"@id\":\"https:\\\/\\\/itourriviera.it\\\/de\\\/#organization\",\"name\":\"iTour RIVIERA D.M.C.\",\"url\":\"https:\\\/\\\/itourriviera.it\\\/de\\\/\",\"logo\":{\"@type\":\"ImageObject\",\"inLanguage\":\"de\",\"@id\":\"https:\\\/\\\/itourriviera.it\\\/de\\\/#\\\/schema\\\/logo\\\/image\\\/\",\"url\":\"https:\\\/\\\/itourriviera.it\\\/wp-content\\\/uploads\\\/2024\\\/12\\\/itourriviera-logo.png\",\"contentUrl\":\"https:\\\/\\\/itourriviera.it\\\/wp-content\\\/uploads\\\/2024\\\/12\\\/itourriviera-logo.png\",\"width\":817,\"height\":80,\"caption\":\"iTour RIVIERA D.M.C.\"},\"image\":{\"@id\":\"https:\\\/\\\/itourriviera.it\\\/de\\\/#\\\/schema\\\/logo\\\/image\\\/\"}}]}<\/script>\n<!-- \/ Yoast SEO plugin. -->","yoast_head_json":{"title":"Tagesausfl\u00fcge Riviera & C\u00f4te d'Azur | iTour Riviera","description":"Tagesausfl\u00fcge zwischen italienischer und franz\u00f6sischer Riviera: historische D\u00f6rfer, Wein & Genuss, Genua, Portofino, Monte-Carlo. Jetzt anfragen.","robots":{"index":"index","follow":"follow","max-snippet":"max-snippet:-1","max-image-preview":"max-image-preview:large","max-video-preview":"max-video-preview:-1"},"canonical":"https:\/\/itourriviera.it\/de\/","og_locale":"de_DE","og_type":"article","og_title":"Tagesausfl\u00fcge Riviera & C\u00f4te d'Azur | iTour Riviera","og_description":"Tagesausfl\u00fcge zwischen italienischer und franz\u00f6sischer Riviera: historische D\u00f6rfer, Wein & Genuss, Genua, Portofino, Monte-Carlo. Jetzt anfragen.","og_url":"https:\/\/itourriviera.it\/de\/","og_site_name":"iTour RIVIERA D.M.C.","article_modified_time":"2026-08-31T15:53:26+00:00","og_image":[{"width":817,"height":444,"url":"https:\/\/itourriviera.it\/wp-content\/uploads\/2026\/05\/img-costazzurra.jpg","type":"image\/jpeg"}],"twitter_card":"summary_large_image","twitter_title":"Tagesausfl\u00fcge Riviera & C\u00f4te d'Azur | iTour Riviera","twitter_description":"Tagesausfl\u00fcge zwischen italienischer und franz\u00f6sischer Riviera: historische D\u00f6rfer, Wein & Genuss, Genua, Portofino, Monte-Carlo. Jetzt anfragen.","twitter_image":"https:\/\/itourriviera.it\/wp-content\/uploads\/2026\/05\/img-costazzurra.jpg","twitter_misc":{"Gesch\u00e4tzte Lesezeit":"1\u00a0Minute"},"schema":{"@context":"https:\/\/schema.org","@graph":[{"@type":"WebPage","@id":"https:\/\/itourriviera.it\/de\/","url":"https:\/\/itourriviera.it\/de\/","name":"Tagesausfl\u00fcge Riviera & C\u00f4te d'Azur | iTour Riviera","isPartOf":{"@id":"https:\/\/itourriviera.it\/de\/#website"},"datePublished":"2024-05-28T10:02:49+00:00","dateModified":"2026-08-31T15:53:26+00:00","description":"Tagesausfl\u00fcge zwischen italienischer und franz\u00f6sischer Riviera: historische D\u00f6rfer, Wein & Genuss, Genua, Portofino, Monte-Carlo. Jetzt anfragen.","breadcrumb":{"@id":"https:\/\/itourriviera.it\/de\/#breadcrumb"},"inLanguage":"de","potentialAction":[{"@type":"ReadAction","target":["https:\/\/itourriviera.it\/de\/"]}]},{"@type":"BreadcrumbList","@id":"https:\/\/itourriviera.it\/de\/#breadcrumb","itemListElement":[{"@type":"ListItem","position":1,"name":"Home","item":"https:\/\/itourriviera.it\/de\/itour\/"},{"@type":"ListItem","position":2,"name":"Itour"}]},{"@type":"WebSite","@id":"https:\/\/itourriviera.it\/de\/#website","url":"https:\/\/itourriviera.it\/de\/","name":"iTour RIVIERA D.M.C.","description":"EXPERIENCES ON ITALIAN AND FRENCH RIVIERA","publisher":{"@id":"https:\/\/itourriviera.it\/de\/#organization"},"potentialAction":[{"@type":"SearchAction","target":{"@type":"EntryPoint","urlTemplate":"https:\/\/itourriviera.it\/de\/?s={search_term_string}"},"query-input":{"@type":"PropertyValueSpecification","valueRequired":true,"valueName":"search_term_string"}}],"inLanguage":"de"},{"@type":"Organization","@id":"https:\/\/itourriviera.it\/de\/#organization","name":"iTour RIVIERA D.M.C.","url":"https:\/\/itourriviera.it\/de\/","logo":{"@type":"ImageObject","inLanguage":"de","@id":"https:\/\/itourriviera.it\/de\/#\/schema\/logo\/image\/","url":"https:\/\/itourriviera.it\/wp-content\/uploads\/2024\/12\/itourriviera-logo.png","contentUrl":"https:\/\/itourriviera.it\/wp-content\/uploads\/2024\/12\/itourriviera-logo.png","width":817,"height":80,"caption":"iTour RIVIERA D.M.C."},"image":{"@id":"https:\/\/itourriviera.it\/de\/#\/schema\/logo\/image\/"}}]}},"_links":{"self":[{"href":"https:\/\/itourriviera.it\/de\/wp-json\/wp\/v2\/pages\/17971","targetHints":{"allow":["GET"]}}],"collection":[{"href":"https:\/\/itourriviera.it\/de\/wp-json\/wp\/v2\/pages"}],"about":[{"href":"https:\/\/itourriviera.it\/de\/wp-json\/wp\/v2\/types\/page"}],"author":[{"embeddable":true,"href":"https:\/\/itourriviera.it\/de\/wp-json\/wp\/v2\/users\/25"}],"replies":[{"embeddable":true,"href":"https:\/\/itourriviera.it\/de\/wp-json\/wp\/v2\/comments?post=17971"}],"version-history":[{"count":4,"href":"https:\/\/itourriviera.it\/de\/wp-json\/wp\/v2\/pages\/17971\/revisions"}],"predecessor-version":[{"id":18899,"href":"https:\/\/itourriviera.it\/de\/wp-json\/wp\/v2\/pages\/17971\/revisions\/18899"}],"wp:attachment":[{"href":"https:\/\/itourriviera.it\/de\/wp-json\/wp\/v2\/media?parent=17971"}],"curies":[{"name":"wp","href":"https:\/\/api.w.org\/{rel}","templated":true}]}}